{"id":1347,"date":"2024-02-23T10:53:15","date_gmt":"2024-02-23T09:53:15","guid":{"rendered":"https:\/\/omconcerts.be\/?post_type=concert&#038;p=1347"},"modified":"2024-10-07T16:15:56","modified_gmt":"2024-10-07T14:15:56","slug":"caravan-palace","status":"publish","type":"concert","link":"https:\/\/omconcerts.be\/en\/concert\/caravan-palace\/","title":{"rendered":"CARAVAN PALACE + BOOGIE BELGIQUE"},"excerpt":{"rendered":"","protected":false},"template":"","meta":{"_acf_changed":false,"_crsspst_to_reflektorbe":true},"categories":[5],"tags":[23,63],"class_list":["post-1347","concert","type-concert","status-publish","hentry","category-om","tag-electro","tag-world-jazz"],"acf":{"image_apercu":"1349","image_a_la_une":"1350","date":"20241013","date_month":"octobre","url_du_ticket":"https:\/\/shop.paylogic.com\/eb634d921afe4684b81204350b83e719\/offsale","ticket_2":"","etat_des_tickets":"tickets","prix":"","heure_ouvertures_de_portes":"19:00:00","heure_de_fin":"","contenu_concert":"Pre-sale on the 28th February @ 10am","artiste":[{"nom":"CARAVAN PALACE","horaire":"21:00:00","contenu":"Premier extrait de leur nouvel et cinqui\u00e8me album attendu pour le printemps 2024,\r\nCaravan Palace d\u00e9voile le single \u00ab MAD \u00bb : un m\u00e9lange cinglant et exaltant de sons\r\nvintage et d\u2019\u00e9lectronique. Ce cocktail musical insolite et unique qui emprunte au jazz\r\net au swing des ann\u00e9es folles, leur vaut un succ\u00e8s international qui continue de\r\ns\u2019\u00e9crire et de se confirmer au fil de leurs sorties d\u2019albums, de leurs tourn\u00e9es\r\nmondiales ou de leurs clips \u00e0 l\u2019univers d\u00e9jant\u00e9 et addictif.\r\nEn une dizaine d\u2019ann\u00e9es, le groupe passe ainsi du statut de sensation live de la\r\nsc\u00e8ne parisienne \u00e0 celui de ph\u00e9nom\u00e8ne pop mondialement viral. Leurs stats\r\ndonnent le tournis : 2 milliards de streams sur YouTube, 800 000 millions, sur\r\nSpotify... Ils sont un des tr\u00e8s rares groupes fran\u00e7ais \u00e0 avoir \u00e9t\u00e9 couronn\u00e9s de platine\r\naux \u00c9tats-Unis.\r\nSur sc\u00e8ne, Caravan Palace se mue en sextet d\u00e9brid\u00e9, capable d'embraser n\u2019importe\r\nquelle salle de concert ou festival, de Coachella \u00e0 Glastonbury en passant par Pal\u00e9o\r\nou Rock en Seine. Un retour \u00e0 ne pas manquer !\r\n\r\n[embed]https:\/\/www.youtube.com\/watch?v=-qUZ1GJdmok[\/embed]","photo":"","instagram":"https:\/\/www.instagram.com\/caravanpalace\/","facebook":"https:\/\/www.facebook.com\/CaravanPalace","tiktok":"","youtube":"","spotify":"","deezer":"","site_web":""},{"nom":"BOOGIE BELGIQUE ","horaire":"20:00:00","contenu":"","photo":"","instagram":"","facebook":"","tiktok":"","youtube":"","spotify":"","deezer":"","site_web":""}],"lien_ticket_wait":""},"yoast_head":"<!-- This site is optimized with the Yoast SEO plugin v27.4 - https:\/\/yoast.com\/product\/yoast-seo-wordpress\/ -->\n<title><\/title>\n<meta name=\"robots\" content=\"index, follow, max-snippet:-1, max-image-preview:large, max-video-preview:-1\" \/>\n<link rel=\"canonical\" href=\"https:\/\/omconcerts.be\/concert\/caravan-palace\/\" \/>\n<meta property=\"og:locale\" content=\"en_US\" \/>\n<meta property=\"og:type\" content=\"article\" \/>\n<meta property=\"og:title\" content=\"[:fr]CARAVAN PALACE + BOOGIE BELGIQUE [:] &#8226; OM concerts\" \/>\n<meta property=\"og:url\" content=\"https:\/\/omconcerts.be\/concert\/caravan-palace\/\" \/>\n<meta property=\"og:site_name\" content=\"OM concerts\" \/>\n<meta property=\"article:publisher\" content=\"https:\/\/www.facebook.com\/omconcerts.be\/\" \/>\n<meta property=\"article:modified_time\" content=\"2024-10-07T14:15:56+00:00\" \/>\n<meta property=\"og:image\" content=\"https:\/\/omconcerts.be\/wp-content\/uploads\/2023\/03\/partageOM.jpg\" \/>\n\t<meta property=\"og:image:width\" content=\"1200\" \/>\n\t<meta property=\"og:image:height\" content=\"630\" \/>\n\t<meta property=\"og:image:type\" content=\"image\/jpeg\" \/>\n<meta name=\"twitter:card\" content=\"summary_large_image\" \/>\n<!-- \/ Yoast SEO plugin. -->","yoast_head_json":{"title":"[:fr]CARAVAN PALACE + BOOGIE BELGIQUE [:] &#8226; OM concerts","robots":{"index":"index","follow":"follow","max-snippet":"max-snippet:-1","max-image-preview":"max-image-preview:large","max-video-preview":"max-video-preview:-1"},"canonical":"https:\/\/omconcerts.be\/concert\/caravan-palace\/","og_locale":"en_US","og_type":"article","og_title":"[:fr]CARAVAN PALACE + BOOGIE BELGIQUE [:] &#8226; OM concerts","og_url":"https:\/\/omconcerts.be\/concert\/caravan-palace\/","og_site_name":"OM concerts","article_publisher":"https:\/\/www.facebook.com\/omconcerts.be\/","article_modified_time":"2024-10-07T14:15:56+00:00","og_image":[{"width":1200,"height":630,"url":"https:\/\/omconcerts.be\/wp-content\/uploads\/2023\/03\/partageOM.jpg","type":"image\/jpeg"}],"twitter_card":"summary_large_image","schema":{"@context":"https:\/\/schema.org","@graph":[{"@type":"WebPage","@id":"https:\/\/omconcerts.be\/concert\/caravan-palace\/","url":"https:\/\/omconcerts.be\/concert\/caravan-palace\/","name":"[:fr]CARAVAN PALACE + BOOGIE BELGIQUE [:] &#8226; OM concerts","isPartOf":{"@id":"https:\/\/omconcerts.be\/#website"},"datePublished":"2024-02-23T09:53:15+00:00","dateModified":"2024-10-07T14:15:56+00:00","breadcrumb":{"@id":"https:\/\/omconcerts.be\/concert\/caravan-palace\/#breadcrumb"},"inLanguage":"en-US","potentialAction":[{"@type":"ReadAction","target":["https:\/\/omconcerts.be\/concert\/caravan-palace\/"]}]},{"@type":"BreadcrumbList","@id":"https:\/\/omconcerts.be\/concert\/caravan-palace\/#breadcrumb","itemListElement":[{"@type":"ListItem","position":1,"name":"Accueil","item":"https:\/\/omconcerts.be\/"},{"@type":"ListItem","position":2,"name":"Concerts","item":"https:\/\/omconcerts.be\/agenda\/"},{"@type":"ListItem","position":3,"name":"CARAVAN PALACE + BOOGIE BELGIQUE"}]},{"@type":"WebSite","@id":"https:\/\/omconcerts.be\/#website","url":"https:\/\/omconcerts.be\/","name":"OM concerts","description":"","publisher":{"@id":"https:\/\/omconcerts.be\/#organization"},"alternateName":"OM","potentialAction":[{"@type":"SearchAction","target":{"@type":"EntryPoint","urlTemplate":"https:\/\/omconcerts.be\/?s={search_term_string}"},"query-input":{"@type":"PropertyValueSpecification","valueRequired":true,"valueName":"search_term_string"}}],"inLanguage":"en-US"},{"@type":"Organization","@id":"https:\/\/omconcerts.be\/#organization","name":"OM concerts","alternateName":"OM","url":"https:\/\/omconcerts.be\/","logo":{"@type":"ImageObject","inLanguage":"en-US","@id":"https:\/\/omconcerts.be\/#\/schema\/logo\/image\/","url":"https:\/\/omconcerts.be\/wp-content\/uploads\/2023\/02\/cropped-OM_LOGO.png","contentUrl":"https:\/\/omconcerts.be\/wp-content\/uploads\/2023\/02\/cropped-OM_LOGO.png","width":512,"height":512,"caption":"OM concerts"},"image":{"@id":"https:\/\/omconcerts.be\/#\/schema\/logo\/image\/"},"sameAs":["https:\/\/www.facebook.com\/omconcerts.be\/"]}]}},"_links":{"self":[{"href":"https:\/\/omconcerts.be\/en\/wp-json\/wp\/v2\/concert\/1347","targetHints":{"allow":["GET"]}}],"collection":[{"href":"https:\/\/omconcerts.be\/en\/wp-json\/wp\/v2\/concert"}],"about":[{"href":"https:\/\/omconcerts.be\/en\/wp-json\/wp\/v2\/types\/concert"}],"wp:attachment":[{"href":"https:\/\/omconcerts.be\/en\/wp-json\/wp\/v2\/media?parent=1347"}],"wp:term":[{"taxonomy":"category","embeddable":true,"href":"https:\/\/omconcerts.be\/en\/wp-json\/wp\/v2\/categories?post=1347"},{"taxonomy":"post_tag","embeddable":true,"href":"https:\/\/omconcerts.be\/en\/wp-json\/wp\/v2\/tags?post=1347"}],"curies":[{"name":"wp","href":"https:\/\/api.w.org\/{rel}","templated":true}]}}