{"id":1348,"date":"2024-02-19T13:51:30","date_gmt":"2024-02-19T12:51:30","guid":{"rendered":"https:\/\/omconcerts.be\/?post_type=concert&#038;p=1348"},"modified":"2024-05-28T14:30:13","modified_gmt":"2024-05-28T12:30:13","slug":"todo-esta-aqui","status":"publish","type":"concert","link":"https:\/\/omconcerts.be\/en\/concert\/todo-esta-aqui\/","title":{"rendered":"\u00a1TODO EST\u00c1 AQU\u00cd!"},"excerpt":{"rendered":"","protected":false},"template":"","meta":{"_acf_changed":false,"_crsspst_to_reflektorbe":true},"categories":[6],"tags":[],"class_list":["post-1348","concert","type-concert","status-publish","hentry","category-reflektor"],"acf":{"image_apercu":"1351","image_a_la_une":"1352","date":"20240531","date_month":"mai","url_du_ticket":"https:\/\/shop.paylogic.com\/6cd836a9787d47a59be997b50b038f74\/offsale","ticket_2":"","etat_des_tickets":"derniers_tickets","prix":"","heure_ouvertures_de_portes":"","heure_de_fin":"","contenu_concert":"TICKETS DISPONIBLES MERCREDI 21 F\u00c9VRIER \u00c0 11H","artiste":[{"nom":"\u00a1TODO EST\u00c1 AQU\u00cd!","horaire":"","contenu":"NOIR D\u00c9SIR NIGHT- 30 ANS DIES IRAE\r\n \r\nEn 2024, l\u2019album mythique live DIES IRAE du groupe Noir D\u00e9sir f\u00eate ses 30 ans. Enregistr\u00e9 lors de la tourn\u00e9e triomphale de 187 dates en Europe de l\u2019album Tostaky, il devient imm\u00e9diatement num\u00e9ro un des ventes de disques en France \u00e0 sa sortie.\r\n \r\nPour c\u00e9l\u00e9brer cet \u00e9v\u00e9nement, \u00a1Todo est\u00e1 aqu\u00ed!  vous propose un concert exceptionnel rejouant ce double album en int\u00e9gralit\u00e9 (22 morceaux). \r\n \r\n<strong>DIES IRAE - 30 ANS<\/strong>\r\n \r\nDouble album live sorti en 1994, DIES IRAE est le t\u00e9moin pr\u00e9cieux de ce qu\u2019\u00e9tait le groupe Noir D\u00e9sir lors de la tourn\u00e9e triomphale de l\u2019album Tostaky occasionnant 187 concerts en Europe (France, Suisse, Belgique, Allemagne, Pays-Bas, Italie et Scandinavie).\r\n \r\nOn peut retrouver sur les deux disques de l\u2019album quelques-uns des plus grands morceaux du groupe. La furie voire l\u2019hyst\u00e9rie de Noir D\u00e9sir sur sc\u00e8ne se ressent sur l\u2019int\u00e9gralit\u00e9 des deux albums et particuli\u00e8rement sur des morceaux comme \u00ab Ici Paris \u00bb, \u00ab Tostaky \u00bb, \u00ab \u00c0 l\u2019arri\u00e8re des taxis \u00bb ou encore \u00ab En route pour la joie \u00bb. Ce double album contient \u00e9galement de v\u00e9ritables moments de gr\u00e2ce notamment sur \u00ab Marl\u00e8ne \u00bb ou encore sur les reprises de \u00ab Long time man \u00bb de Nick Cave et de \u00ab I want you \u00bb des Beatles.\r\n \r\nLe titre de l'album, Dies Irae, a \u00e9t\u00e9 trouv\u00e9 par hasard par Serge Teyssot-Gay, guitariste de Noir D\u00e9sir, dans un dictionnaire. Il a d\u2019abord cru \u00e0 une anagramme de Noir D\u00e9sir et quand il a vu la d\u00e9finition : \u00ab Jour de col\u00e8re \u00bb et \u00ab premiers mots de l\u2019office des morts \u00bb, trouve que ce nom fait une bonne r\u00e9f\u00e9rence au groupe.\r\n \r\n<strong> \u00a1Todo est\u00e1 aqu\u00ed!<\/strong>\r\n \r\nDepuis 2007, le groupe li\u00e9geois \u00a1Todo est\u00e1 aqu\u00ed! - Noir D\u00e9sir Tribute a plus de 150 concerts \u00e0 son actif et a jou\u00e9 dans les plus grands festivals Tribute (ou pas) en Belgique, France et Italie. Sur sc\u00e8ne, c'est du rock'n'roll, de l'\u00e9nergie, de la passion, du partage avec le public!!!\r\n \r\nEn 2022, ils avaient f\u00eat\u00e9 leurs 15 ans de sc\u00e8ne au Reflektor dans une salle archi-soldout et une ambiance survolt\u00e9e. Ils comptentt bien remettre une couche ce 31\/05 !","photo":"","instagram":"https:\/\/www.instagram.com\/todoestaaquicoverband\/","facebook":"https:\/\/www.facebook.com\/todoestaaquiplaysnoirdesir","tiktok":"","youtube":"","spotify":"","deezer":"","site_web":""}],"lien_ticket_wait":""},"yoast_head":"<!-- This site is optimized with the Yoast SEO plugin v27.5 - https:\/\/yoast.com\/product\/yoast-seo-wordpress\/ -->\n<title><\/title>\n<meta name=\"robots\" content=\"index, follow, max-snippet:-1, max-image-preview:large, max-video-preview:-1\" \/>\n<link rel=\"canonical\" href=\"https:\/\/omconcerts.be\/concert\/todo-esta-aqui\/\" \/>\n<meta property=\"og:locale\" content=\"en_US\" \/>\n<meta property=\"og:type\" content=\"article\" \/>\n<meta property=\"og:title\" content=\"[:fr]\u00a1TODO EST\u00c1 AQU\u00cd![:] &#8226; OM concerts\" \/>\n<meta property=\"og:url\" content=\"https:\/\/omconcerts.be\/concert\/todo-esta-aqui\/\" \/>\n<meta property=\"og:site_name\" content=\"OM concerts\" \/>\n<meta property=\"article:publisher\" content=\"https:\/\/www.facebook.com\/omconcerts.be\/\" \/>\n<meta property=\"article:modified_time\" content=\"2024-05-28T12:30:13+00:00\" \/>\n<meta property=\"og:image\" content=\"https:\/\/omconcerts.be\/wp-content\/uploads\/2023\/03\/partageOM.jpg\" \/>\n\t<meta property=\"og:image:width\" content=\"1200\" \/>\n\t<meta property=\"og:image:height\" content=\"630\" \/>\n\t<meta property=\"og:image:type\" content=\"image\/jpeg\" \/>\n<meta name=\"twitter:card\" content=\"summary_large_image\" \/>\n<!-- \/ Yoast SEO plugin. -->","yoast_head_json":{"title":"[:fr]\u00a1TODO EST\u00c1 AQU\u00cd![:] &#8226; OM concerts","robots":{"index":"index","follow":"follow","max-snippet":"max-snippet:-1","max-image-preview":"max-image-preview:large","max-video-preview":"max-video-preview:-1"},"canonical":"https:\/\/omconcerts.be\/concert\/todo-esta-aqui\/","og_locale":"en_US","og_type":"article","og_title":"[:fr]\u00a1TODO EST\u00c1 AQU\u00cd![:] &#8226; OM concerts","og_url":"https:\/\/omconcerts.be\/concert\/todo-esta-aqui\/","og_site_name":"OM concerts","article_publisher":"https:\/\/www.facebook.com\/omconcerts.be\/","article_modified_time":"2024-05-28T12:30:13+00:00","og_image":[{"width":1200,"height":630,"url":"https:\/\/omconcerts.be\/wp-content\/uploads\/2023\/03\/partageOM.jpg","type":"image\/jpeg"}],"twitter_card":"summary_large_image","schema":{"@context":"https:\/\/schema.org","@graph":[{"@type":"WebPage","@id":"https:\/\/omconcerts.be\/concert\/todo-esta-aqui\/","url":"https:\/\/omconcerts.be\/concert\/todo-esta-aqui\/","name":"[:fr]\u00a1TODO EST\u00c1 AQU\u00cd![:] &#8226; OM concerts","isPartOf":{"@id":"https:\/\/omconcerts.be\/#website"},"datePublished":"2024-02-19T12:51:30+00:00","dateModified":"2024-05-28T12:30:13+00:00","breadcrumb":{"@id":"https:\/\/omconcerts.be\/concert\/todo-esta-aqui\/#breadcrumb"},"inLanguage":"en-US","potentialAction":[{"@type":"ReadAction","target":["https:\/\/omconcerts.be\/concert\/todo-esta-aqui\/"]}]},{"@type":"BreadcrumbList","@id":"https:\/\/omconcerts.be\/concert\/todo-esta-aqui\/#breadcrumb","itemListElement":[{"@type":"ListItem","position":1,"name":"Accueil","item":"https:\/\/omconcerts.be\/"},{"@type":"ListItem","position":2,"name":"Concerts","item":"https:\/\/omconcerts.be\/agenda\/"},{"@type":"ListItem","position":3,"name":"\u00a1TODO EST\u00c1 AQU\u00cd!"}]},{"@type":"WebSite","@id":"https:\/\/omconcerts.be\/#website","url":"https:\/\/omconcerts.be\/","name":"OM concerts","description":"","publisher":{"@id":"https:\/\/omconcerts.be\/#organization"},"alternateName":"OM","potentialAction":[{"@type":"SearchAction","target":{"@type":"EntryPoint","urlTemplate":"https:\/\/omconcerts.be\/?s={search_term_string}"},"query-input":{"@type":"PropertyValueSpecification","valueRequired":true,"valueName":"search_term_string"}}],"inLanguage":"en-US"},{"@type":"Organization","@id":"https:\/\/omconcerts.be\/#organization","name":"OM concerts","alternateName":"OM","url":"https:\/\/omconcerts.be\/","logo":{"@type":"ImageObject","inLanguage":"en-US","@id":"https:\/\/omconcerts.be\/#\/schema\/logo\/image\/","url":"https:\/\/omconcerts.be\/wp-content\/uploads\/2023\/02\/cropped-OM_LOGO.png","contentUrl":"https:\/\/omconcerts.be\/wp-content\/uploads\/2023\/02\/cropped-OM_LOGO.png","width":512,"height":512,"caption":"OM concerts"},"image":{"@id":"https:\/\/omconcerts.be\/#\/schema\/logo\/image\/"},"sameAs":["https:\/\/www.facebook.com\/omconcerts.be\/"]}]}},"_links":{"self":[{"href":"https:\/\/omconcerts.be\/en\/wp-json\/wp\/v2\/concert\/1348","targetHints":{"allow":["GET"]}}],"collection":[{"href":"https:\/\/omconcerts.be\/en\/wp-json\/wp\/v2\/concert"}],"about":[{"href":"https:\/\/omconcerts.be\/en\/wp-json\/wp\/v2\/types\/concert"}],"wp:attachment":[{"href":"https:\/\/omconcerts.be\/en\/wp-json\/wp\/v2\/media?parent=1348"}],"wp:term":[{"taxonomy":"category","embeddable":true,"href":"https:\/\/omconcerts.be\/en\/wp-json\/wp\/v2\/categories?post=1348"},{"taxonomy":"post_tag","embeddable":true,"href":"https:\/\/omconcerts.be\/en\/wp-json\/wp\/v2\/tags?post=1348"}],"curies":[{"name":"wp","href":"https:\/\/api.w.org\/{rel}","templated":true}]}}