{"id":1869,"date":"2024-09-16T10:43:51","date_gmt":"2024-09-16T08:43:51","guid":{"rendered":"https:\/\/omconcerts.be\/?post_type=concert&#038;p=1869"},"modified":"2024-10-07T16:54:09","modified_gmt":"2024-10-07T14:54:09","slug":"moha-mmz","status":"publish","type":"concert","link":"https:\/\/omconcerts.be\/en\/concert\/moha-mmz\/","title":{"rendered":"MOHA MMZ"},"excerpt":{"rendered":"","protected":false},"template":"","meta":{"_acf_changed":false,"_crsspst_to_reflektorbe":true},"categories":[6],"tags":[66],"class_list":["post-1869","concert","type-concert","status-publish","hentry","category-reflektor","tag-hiphop"],"acf":{"image_apercu":"1870","image_a_la_une":"1871","date":"20241109","date_month":"novembre","url_du_ticket":"https:\/\/shop.paylogic.com\/08a5b6275194486b977e34dfcc284649\/offsale","ticket_2":"","etat_des_tickets":"tickets","prix":"","heure_ouvertures_de_portes":"19:30:00","heure_de_fin":"","contenu_concert":"TICKETS DISPONIBLES LE MERCREDI 18 SEPTEMBRE \u00e0 10H","artiste":[{"nom":"MOHA MMZ","horaire":"","contenu":"Moha MMZ, originaire des Tarterets \u00e0 Corbeil-Essonnes, a\r\nperform\u00e9 avec son groupe MMZ jusqu\u2019en 2019 en cumulant plus\r\n200 000 ventes avec 3 albums. Il prend son envol en solo en\r\nJanvier 2022 avec son premier album \"Euphoria\" qui avoisine d\u00e9j\u00e0\r\nle disque d\u2019or.\r\nSon nouvel album intitul\u00e9 \"La plage\" est pr\u00e9vu pour Septembre\r\n2024 et sera suivi d\u2019une tourn\u00e9e salle et festival 2024\/2025. Connu\r\npour son identit\u00e9 artistique tr\u00e8s Cloud de par son appartenance \u00e0 la\r\nfamille QLF. Moha, autodidacte passionn\u00e9, transcende sa musique\r\nen explorant la cr\u00e9ativit\u00e9 visuelle. Sa passion pour la mode refl\u00e8te\r\ndans son image et chaque sortie devient une exp\u00e9rience artistique\r\ncompl\u00e8te, cr\u00e9ant ainsi une empreinte unique dans son univers\r\nmusical.\r\n\r\n[embed]https:\/\/youtu.be\/vdnLGTXrSeA?si=mAcrkUQ1G_gNCf70[\/embed]","photo":"","instagram":"https:\/\/www.instagram.com\/accounts\/login\/?next=https%3A%2F%2Fwww.instagram.com%2Fmoha_2mz%2F%3Fhl%3Dfr&is_from_rle","facebook":"","tiktok":"","youtube":"","spotify":"","deezer":"","site_web":""}],"lien_ticket_wait":""},"yoast_head":"<!-- This site is optimized with the Yoast SEO plugin v27.5 - https:\/\/yoast.com\/product\/yoast-seo-wordpress\/ -->\n<title><\/title>\n<meta name=\"robots\" content=\"index, follow, max-snippet:-1, max-image-preview:large, max-video-preview:-1\" \/>\n<link rel=\"canonical\" href=\"https:\/\/omconcerts.be\/concert\/moha-mmz\/\" \/>\n<meta property=\"og:locale\" content=\"en_US\" \/>\n<meta property=\"og:type\" content=\"article\" \/>\n<meta property=\"og:title\" content=\"[:fr]MOHA MMZ[:] &#8226; OM concerts\" \/>\n<meta property=\"og:url\" content=\"https:\/\/omconcerts.be\/concert\/moha-mmz\/\" \/>\n<meta property=\"og:site_name\" content=\"OM concerts\" \/>\n<meta property=\"article:publisher\" content=\"https:\/\/www.facebook.com\/omconcerts.be\/\" \/>\n<meta property=\"article:modified_time\" content=\"2024-10-07T14:54:09+00:00\" \/>\n<meta property=\"og:image\" content=\"https:\/\/omconcerts.be\/wp-content\/uploads\/2023\/03\/partageOM.jpg\" \/>\n\t<meta property=\"og:image:width\" content=\"1200\" \/>\n\t<meta property=\"og:image:height\" content=\"630\" \/>\n\t<meta property=\"og:image:type\" content=\"image\/jpeg\" \/>\n<meta name=\"twitter:card\" content=\"summary_large_image\" \/>\n<!-- \/ Yoast SEO plugin. -->","yoast_head_json":{"title":"[:fr]MOHA MMZ[:] &#8226; OM concerts","robots":{"index":"index","follow":"follow","max-snippet":"max-snippet:-1","max-image-preview":"max-image-preview:large","max-video-preview":"max-video-preview:-1"},"canonical":"https:\/\/omconcerts.be\/concert\/moha-mmz\/","og_locale":"en_US","og_type":"article","og_title":"[:fr]MOHA MMZ[:] &#8226; OM concerts","og_url":"https:\/\/omconcerts.be\/concert\/moha-mmz\/","og_site_name":"OM concerts","article_publisher":"https:\/\/www.facebook.com\/omconcerts.be\/","article_modified_time":"2024-10-07T14:54:09+00:00","og_image":[{"width":1200,"height":630,"url":"https:\/\/omconcerts.be\/wp-content\/uploads\/2023\/03\/partageOM.jpg","type":"image\/jpeg"}],"twitter_card":"summary_large_image","schema":{"@context":"https:\/\/schema.org","@graph":[{"@type":"WebPage","@id":"https:\/\/omconcerts.be\/concert\/moha-mmz\/","url":"https:\/\/omconcerts.be\/concert\/moha-mmz\/","name":"[:fr]MOHA MMZ[:] &#8226; OM concerts","isPartOf":{"@id":"https:\/\/omconcerts.be\/#website"},"datePublished":"2024-09-16T08:43:51+00:00","dateModified":"2024-10-07T14:54:09+00:00","breadcrumb":{"@id":"https:\/\/omconcerts.be\/concert\/moha-mmz\/#breadcrumb"},"inLanguage":"en-US","potentialAction":[{"@type":"ReadAction","target":["https:\/\/omconcerts.be\/concert\/moha-mmz\/"]}]},{"@type":"BreadcrumbList","@id":"https:\/\/omconcerts.be\/concert\/moha-mmz\/#breadcrumb","itemListElement":[{"@type":"ListItem","position":1,"name":"Accueil","item":"https:\/\/omconcerts.be\/"},{"@type":"ListItem","position":2,"name":"Concerts","item":"https:\/\/omconcerts.be\/agenda\/"},{"@type":"ListItem","position":3,"name":"MOHA MMZ"}]},{"@type":"WebSite","@id":"https:\/\/omconcerts.be\/#website","url":"https:\/\/omconcerts.be\/","name":"OM concerts","description":"","publisher":{"@id":"https:\/\/omconcerts.be\/#organization"},"alternateName":"OM","potentialAction":[{"@type":"SearchAction","target":{"@type":"EntryPoint","urlTemplate":"https:\/\/omconcerts.be\/?s={search_term_string}"},"query-input":{"@type":"PropertyValueSpecification","valueRequired":true,"valueName":"search_term_string"}}],"inLanguage":"en-US"},{"@type":"Organization","@id":"https:\/\/omconcerts.be\/#organization","name":"OM concerts","alternateName":"OM","url":"https:\/\/omconcerts.be\/","logo":{"@type":"ImageObject","inLanguage":"en-US","@id":"https:\/\/omconcerts.be\/#\/schema\/logo\/image\/","url":"https:\/\/omconcerts.be\/wp-content\/uploads\/2023\/02\/cropped-OM_LOGO.png","contentUrl":"https:\/\/omconcerts.be\/wp-content\/uploads\/2023\/02\/cropped-OM_LOGO.png","width":512,"height":512,"caption":"OM concerts"},"image":{"@id":"https:\/\/omconcerts.be\/#\/schema\/logo\/image\/"},"sameAs":["https:\/\/www.facebook.com\/omconcerts.be\/"]}]}},"_links":{"self":[{"href":"https:\/\/omconcerts.be\/en\/wp-json\/wp\/v2\/concert\/1869","targetHints":{"allow":["GET"]}}],"collection":[{"href":"https:\/\/omconcerts.be\/en\/wp-json\/wp\/v2\/concert"}],"about":[{"href":"https:\/\/omconcerts.be\/en\/wp-json\/wp\/v2\/types\/concert"}],"wp:attachment":[{"href":"https:\/\/omconcerts.be\/en\/wp-json\/wp\/v2\/media?parent=1869"}],"wp:term":[{"taxonomy":"category","embeddable":true,"href":"https:\/\/omconcerts.be\/en\/wp-json\/wp\/v2\/categories?post=1869"},{"taxonomy":"post_tag","embeddable":true,"href":"https:\/\/omconcerts.be\/en\/wp-json\/wp\/v2\/tags?post=1869"}],"curies":[{"name":"wp","href":"https:\/\/api.w.org\/{rel}","templated":true}]}}