{"id":1919,"date":"2024-09-24T10:44:54","date_gmt":"2024-09-24T08:44:54","guid":{"rendered":"https:\/\/omconcerts.be\/?post_type=concert&#038;p=1919"},"modified":"2025-04-10T14:52:45","modified_gmt":"2025-04-10T12:52:45","slug":"sylvie-kreusch","status":"publish","type":"concert","link":"https:\/\/omconcerts.be\/en\/concert\/sylvie-kreusch\/","title":{"rendered":"SYLVIE KREUSCH + DIJF SANDERS"},"excerpt":{"rendered":"","protected":false},"template":"","meta":{"_acf_changed":false,"_crsspst_to_reflektorbe":true},"categories":[6],"tags":[7],"class_list":["post-1919","concert","type-concert","status-publish","hentry","category-reflektor","tag-pop"],"acf":{"image_apercu":"1920","image_a_la_une":"1921","date":"20250416","date_month":"avril","url_du_ticket":"https:\/\/shop.paylogic.com\/b0bc93140dad4067ad1b8d1742d25f48\/offsale","ticket_2":"","etat_des_tickets":"derniers_tickets","prix":"","heure_ouvertures_de_portes":"19:30:00","heure_de_fin":"","contenu_concert":"TICKETS DISPONIBLES LE 27 SEPTEMBRE \u00e0 11H","artiste":[{"nom":"SYLVIE KREUSCH","horaire":"21:15:00","contenu":"L'artiste gantoise Sylvie Kreusch s'impose rapidement comme l'une des artistes les plus impressionnantes et les plus \u00e9lectrisantes d'Europe.\r\nSa musique et ses visuels avant-gardistes ont d\u00e9j\u00e0 fait tourner bien des t\u00eates dans les domaines de la musique, du cin\u00e9ma et de la mode. Kreusch est connue pour son lyrisme brutal et expressif et pour son oreille attentive aux styles exp\u00e9rimental et pop.\r\n\r\nAu cours de la derni\u00e8re d\u00e9cennie, Kreusch a fait ses premi\u00e8res vagues en jouant en Belgique avec le groupe d'art rock Soldier's Heart et Warhaus, le projet solo de Maarten Devoldere de Balthazar. Apr\u00e8s avoir sorti son premier EP BADA BING ! BADA BOOM !, sa vision artistique s'est pleinement \u00e9panouie en 2021 avec son premier album complet, Montbray, acclam\u00e9 par la critique .\r\n\r\nSur son album Montbray, Sylvie Kreusch a illustr\u00e9 un chagrin d'amour avec le suspense et l'excitation d'un thriller d'espionnage. Dire que l'artiste belge a le sens du drame serait un euph\u00e9misme. Partout o\u00f9 Sylvie met les pieds, les superlatifs ont tendance \u00e0 la poursuivre comme une tra\u00een\u00e9e de feu. Lors de sa tourn\u00e9e \u00e0 Montbray, elle a r\u00f4d\u00e9 sur sc\u00e8ne comme une femme de myst\u00e8re internationale v\u00eatue de pourpre, un \u00eatre de pur cellulo\u00efd qui, d'une mani\u00e8re ou d'une autre, a trouv\u00e9 le moyen de p\u00e9n\u00e9trer dans notre monde tangible.\r\n\r\nMais il \u00e9taitunefoisune fille qui r\u00eavait dans le grenier de sa grand-m\u00e8re, ses yeux \u00e9toil\u00e9s enti\u00e8rement plong\u00e9s dans une collection de bandes dessin\u00e9es anciennes. Ces r\u00e9cits lumineux et fantastiques \u00e9taient pour la jeune Sylvie la porte d'entr\u00e9e d'un lieu magique, loin des tracas quotidiens de la r\u00e9alit\u00e9. Chaque fois qu'elle tournait la page, elle s'\u00e9merveillait, d\u00e9couvrait de nouvelles possibilit\u00e9s et s'enthousiasmait.\r\n\r\nCe sont ces \u00e9motions audacieuses qui servent de fil conducteur au nouvel album aventureux de Sylvie Kreusch. Elle abandonne son statut de spectre de la nuit belge et troque ses m\u00e8ches rousses pour une blonde pimpante. Enfin \u00e0 la place du conducteur et de son amant, elle s'embarque pour un voyage \u00e0 la poursuite de l'horizon o\u00f9 tous les fruits de la vie sont savour\u00e9s et contempl\u00e9s avec des yeux \u00e9carquill\u00e9s et des l\u00e8vres pulpeuses.","photo":"","instagram":"https:\/\/www.instagram.com\/sylviekreusch\/","facebook":"","tiktok":"","youtube":"","spotify":"","deezer":"","site_web":""},{"nom":"DIJF SANDERS","horaire":"20:15:00","contenu":"Multi-instrumentalist and composer David \u2018Dijf\u2019 Sanders combines a broad mix of styles with a boundless approach full of multicultural blends. The Ghent based artist has always been working on various projects, collaborations or productions at the same time \u2013 lately he worked with Warhaus, Sylvie Kreusch, Mattias De Craene\u2019s MDC III and Wim Vandekeybus (Die Bakchen \u2013 Lasst uns tanzen), to name a few \u2013 but that did not keep him from releasing successful solo records as well.\r\nAfter the acclaimed eclectic gem Java (2017) for which he recorded in Indonesia, Dijf Sanders sets off on another musical adventure to another part of the world. This time it is a world infused by Nepalese, Tibetan, Chinese and Indian culture. Dijf traveled to Nepal, and used his field recording and impressions to create a new universe together with drummer Simon Segers, Saxophone player Mattias De Craene and sitar player Nicolas Mortelmans.\r\nOn \u2018Puja\u2019, his first album on Unday records was released on February 14. Prepare yourself for a sound trance where monk chanting, eclectic beats but also mantra style techno are fused. Namaste!","photo":"","instagram":"","facebook":"https:\/\/www.facebook.com\/DijfSanders\/?locale=nl_BE","tiktok":"","youtube":"","spotify":"","deezer":"","site_web":""}],"lien_ticket_wait":""},"yoast_head":"<!-- This site is optimized with the Yoast SEO plugin v27.5 - https:\/\/yoast.com\/product\/yoast-seo-wordpress\/ -->\n<title><\/title>\n<meta name=\"robots\" content=\"index, follow, max-snippet:-1, max-image-preview:large, max-video-preview:-1\" \/>\n<link rel=\"canonical\" href=\"https:\/\/omconcerts.be\/concert\/sylvie-kreusch\/\" \/>\n<meta property=\"og:locale\" content=\"en_US\" \/>\n<meta property=\"og:type\" content=\"article\" \/>\n<meta property=\"og:title\" content=\"[:fr]SYLVIE KREUSCH + DIJF SANDERS[:] &#8226; OM concerts\" \/>\n<meta property=\"og:url\" content=\"https:\/\/omconcerts.be\/concert\/sylvie-kreusch\/\" \/>\n<meta property=\"og:site_name\" content=\"OM concerts\" \/>\n<meta property=\"article:publisher\" content=\"https:\/\/www.facebook.com\/omconcerts.be\/\" \/>\n<meta property=\"article:modified_time\" content=\"2025-04-10T12:52:45+00:00\" \/>\n<meta property=\"og:image\" content=\"https:\/\/omconcerts.be\/wp-content\/uploads\/2023\/03\/partageOM.jpg\" \/>\n\t<meta property=\"og:image:width\" content=\"1200\" \/>\n\t<meta property=\"og:image:height\" content=\"630\" \/>\n\t<meta property=\"og:image:type\" content=\"image\/jpeg\" \/>\n<meta name=\"twitter:card\" content=\"summary_large_image\" \/>\n<!-- \/ Yoast SEO plugin. -->","yoast_head_json":{"title":"[:fr]SYLVIE KREUSCH + DIJF SANDERS[:] &#8226; OM concerts","robots":{"index":"index","follow":"follow","max-snippet":"max-snippet:-1","max-image-preview":"max-image-preview:large","max-video-preview":"max-video-preview:-1"},"canonical":"https:\/\/omconcerts.be\/concert\/sylvie-kreusch\/","og_locale":"en_US","og_type":"article","og_title":"[:fr]SYLVIE KREUSCH + DIJF SANDERS[:] &#8226; OM concerts","og_url":"https:\/\/omconcerts.be\/concert\/sylvie-kreusch\/","og_site_name":"OM concerts","article_publisher":"https:\/\/www.facebook.com\/omconcerts.be\/","article_modified_time":"2025-04-10T12:52:45+00:00","og_image":[{"width":1200,"height":630,"url":"https:\/\/omconcerts.be\/wp-content\/uploads\/2023\/03\/partageOM.jpg","type":"image\/jpeg"}],"twitter_card":"summary_large_image","schema":{"@context":"https:\/\/schema.org","@graph":[{"@type":"WebPage","@id":"https:\/\/omconcerts.be\/concert\/sylvie-kreusch\/","url":"https:\/\/omconcerts.be\/concert\/sylvie-kreusch\/","name":"[:fr]SYLVIE KREUSCH + DIJF SANDERS[:] &#8226; OM concerts","isPartOf":{"@id":"https:\/\/omconcerts.be\/#website"},"datePublished":"2024-09-24T08:44:54+00:00","dateModified":"2025-04-10T12:52:45+00:00","breadcrumb":{"@id":"https:\/\/omconcerts.be\/concert\/sylvie-kreusch\/#breadcrumb"},"inLanguage":"en-US","potentialAction":[{"@type":"ReadAction","target":["https:\/\/omconcerts.be\/concert\/sylvie-kreusch\/"]}]},{"@type":"BreadcrumbList","@id":"https:\/\/omconcerts.be\/concert\/sylvie-kreusch\/#breadcrumb","itemListElement":[{"@type":"ListItem","position":1,"name":"Accueil","item":"https:\/\/omconcerts.be\/"},{"@type":"ListItem","position":2,"name":"Concerts","item":"https:\/\/omconcerts.be\/agenda\/"},{"@type":"ListItem","position":3,"name":"SYLVIE KREUSCH + DIJF SANDERS"}]},{"@type":"WebSite","@id":"https:\/\/omconcerts.be\/#website","url":"https:\/\/omconcerts.be\/","name":"OM concerts","description":"","publisher":{"@id":"https:\/\/omconcerts.be\/#organization"},"alternateName":"OM","potentialAction":[{"@type":"SearchAction","target":{"@type":"EntryPoint","urlTemplate":"https:\/\/omconcerts.be\/?s={search_term_string}"},"query-input":{"@type":"PropertyValueSpecification","valueRequired":true,"valueName":"search_term_string"}}],"inLanguage":"en-US"},{"@type":"Organization","@id":"https:\/\/omconcerts.be\/#organization","name":"OM concerts","alternateName":"OM","url":"https:\/\/omconcerts.be\/","logo":{"@type":"ImageObject","inLanguage":"en-US","@id":"https:\/\/omconcerts.be\/#\/schema\/logo\/image\/","url":"https:\/\/omconcerts.be\/wp-content\/uploads\/2023\/02\/cropped-OM_LOGO.png","contentUrl":"https:\/\/omconcerts.be\/wp-content\/uploads\/2023\/02\/cropped-OM_LOGO.png","width":512,"height":512,"caption":"OM concerts"},"image":{"@id":"https:\/\/omconcerts.be\/#\/schema\/logo\/image\/"},"sameAs":["https:\/\/www.facebook.com\/omconcerts.be\/"]}]}},"_links":{"self":[{"href":"https:\/\/omconcerts.be\/en\/wp-json\/wp\/v2\/concert\/1919","targetHints":{"allow":["GET"]}}],"collection":[{"href":"https:\/\/omconcerts.be\/en\/wp-json\/wp\/v2\/concert"}],"about":[{"href":"https:\/\/omconcerts.be\/en\/wp-json\/wp\/v2\/types\/concert"}],"wp:attachment":[{"href":"https:\/\/omconcerts.be\/en\/wp-json\/wp\/v2\/media?parent=1919"}],"wp:term":[{"taxonomy":"category","embeddable":true,"href":"https:\/\/omconcerts.be\/en\/wp-json\/wp\/v2\/categories?post=1919"},{"taxonomy":"post_tag","embeddable":true,"href":"https:\/\/omconcerts.be\/en\/wp-json\/wp\/v2\/tags?post=1919"}],"curies":[{"name":"wp","href":"https:\/\/api.w.org\/{rel}","templated":true}]}}