{"id":3217,"date":"2026-03-31T10:33:59","date_gmt":"2026-03-31T08:33:59","guid":{"rendered":"https:\/\/omconcerts.be\/?post_type=concert&#038;p=3217"},"modified":"2026-03-31T10:34:48","modified_gmt":"2026-03-31T08:34:48","slug":"kultura-extra-murostournee-de-soutien","status":"publish","type":"concert","link":"https:\/\/omconcerts.be\/en\/concert\/kultura-extra-murostournee-de-soutien\/","title":{"rendered":"\u201cKulturA Extra Muros\u201d(tourn\u00e9e de soutien)"},"excerpt":{"rendered":"","protected":false},"template":"","meta":{"_acf_changed":false,"_crsspst_to_reflektorbe":true},"categories":[6],"tags":[],"class_list":["post-3217","concert","type-concert","status-publish","hentry","category-reflektor"],"acf":{"image_apercu":"3219","image_a_la_une":"3218","date":"20260403","date_month":"avril","url_du_ticket":"https:\/\/www.ticketux.be\/r\/soutien-kultura","ticket_2":"","etat_des_tickets":"tickets","prix":"","heure_ouvertures_de_portes":"","heure_de_fin":"","contenu_concert":"Suite \u00e0 la fermeture temporaire du KulturA pour remise aux normes, un sentiment de vide s\u2019est install\u00e9 dans la nuit li\u00e9geoise.\r\n\r\nDepuis des ann\u00e9es, le KulturA est un espace essentiel pour la sc\u00e8ne alternative locale: un lieu d\u2019expression et de rassemblement pour les artistes \u00e9mergent.e.s, les programmateur.ice.s et toutes celles et ceux qui participent \u00e0 faire \u00e9voluer la musique et la culture \u00e0 Li\u00e8ge.\r\n\r\nQuand un lieu comme celui-ci s\u2019arr\u00eate, m\u00eame temporairement, c\u2019est tout un \u00e9cosyst\u00e8me qui vacille.\r\n\r\nFace \u00e0 cette annonce, plusieurs collectifs, artistes et lieux culturels li\u00e9geois se rassemblent pour lancer une s\u00e9rie de soir\u00e9es de soutien \u00e0 travers la ville. Une mani\u00e8re de continuer \u00e0 faire vivre cette \u00e9nergie ailleurs, le temps que le KulturA puisse rouvrir ses portes.\r\n\r\nLes lieux culturels ind\u00e9pendants sont pr\u00e9cieux et souvent fragiles: ils existent avant tout gr\u00e2ce au public qui les font vivre.\r\nC\u2019est le moment de venir montrer votre soutien ! Chaque soir\u00e9e est une fa\u00e7on concr\u00e8te de soutenir le KulturA: les b\u00e9n\u00e9fices des entr\u00e9es leur seront directement revers\u00e9s afin de soutenir le lieu face \u00e0 l\u2019impact \u00e9conomique que cette fermeture repr\u00e9sente.\r\n\r\nPlusieurs prix sont propos\u00e9s en pr\u00e9vente pour chaque soir\u00e9e. Nous vous invitons \u00e0 participer selon vos moyens et vos possibilit\u00e9s.","artiste":null,"lien_ticket_wait":""},"yoast_head":"<!-- This site is optimized with the Yoast SEO plugin v27.5 - https:\/\/yoast.com\/product\/yoast-seo-wordpress\/ -->\n<title><\/title>\n<meta name=\"robots\" content=\"index, follow, max-snippet:-1, max-image-preview:large, max-video-preview:-1\" \/>\n<link rel=\"canonical\" href=\"https:\/\/omconcerts.be\/concert\/kultura-extra-murostournee-de-soutien\/\" \/>\n<meta property=\"og:locale\" content=\"en_US\" \/>\n<meta property=\"og:type\" content=\"article\" \/>\n<meta property=\"og:title\" content=\"[:fr]\u201cKulturA Extra Muros\u201d(tourn\u00e9e de soutien)[:] &#8226; OM concerts\" \/>\n<meta property=\"og:url\" content=\"https:\/\/omconcerts.be\/concert\/kultura-extra-murostournee-de-soutien\/\" \/>\n<meta property=\"og:site_name\" content=\"OM concerts\" \/>\n<meta property=\"article:publisher\" content=\"https:\/\/www.facebook.com\/omconcerts.be\/\" \/>\n<meta property=\"article:modified_time\" content=\"2026-03-31T08:34:48+00:00\" \/>\n<meta property=\"og:image\" content=\"https:\/\/omconcerts.be\/wp-content\/uploads\/2023\/03\/partageOM.jpg\" \/>\n\t<meta property=\"og:image:width\" content=\"1200\" \/>\n\t<meta property=\"og:image:height\" content=\"630\" \/>\n\t<meta property=\"og:image:type\" content=\"image\/jpeg\" \/>\n<meta name=\"twitter:card\" content=\"summary_large_image\" \/>\n<!-- \/ Yoast SEO plugin. -->","yoast_head_json":{"title":"[:fr]\u201cKulturA Extra Muros\u201d(tourn\u00e9e de soutien)[:] &#8226; OM concerts","robots":{"index":"index","follow":"follow","max-snippet":"max-snippet:-1","max-image-preview":"max-image-preview:large","max-video-preview":"max-video-preview:-1"},"canonical":"https:\/\/omconcerts.be\/concert\/kultura-extra-murostournee-de-soutien\/","og_locale":"en_US","og_type":"article","og_title":"[:fr]\u201cKulturA Extra Muros\u201d(tourn\u00e9e de soutien)[:] &#8226; OM concerts","og_url":"https:\/\/omconcerts.be\/concert\/kultura-extra-murostournee-de-soutien\/","og_site_name":"OM concerts","article_publisher":"https:\/\/www.facebook.com\/omconcerts.be\/","article_modified_time":"2026-03-31T08:34:48+00:00","og_image":[{"width":1200,"height":630,"url":"https:\/\/omconcerts.be\/wp-content\/uploads\/2023\/03\/partageOM.jpg","type":"image\/jpeg"}],"twitter_card":"summary_large_image","schema":{"@context":"https:\/\/schema.org","@graph":[{"@type":"WebPage","@id":"https:\/\/omconcerts.be\/concert\/kultura-extra-murostournee-de-soutien\/","url":"https:\/\/omconcerts.be\/concert\/kultura-extra-murostournee-de-soutien\/","name":"[:fr]\u201cKulturA Extra Muros\u201d(tourn\u00e9e de soutien)[:] &#8226; OM concerts","isPartOf":{"@id":"https:\/\/omconcerts.be\/#website"},"datePublished":"2026-03-31T08:33:59+00:00","dateModified":"2026-03-31T08:34:48+00:00","breadcrumb":{"@id":"https:\/\/omconcerts.be\/concert\/kultura-extra-murostournee-de-soutien\/#breadcrumb"},"inLanguage":"en-US","potentialAction":[{"@type":"ReadAction","target":["https:\/\/omconcerts.be\/concert\/kultura-extra-murostournee-de-soutien\/"]}]},{"@type":"BreadcrumbList","@id":"https:\/\/omconcerts.be\/concert\/kultura-extra-murostournee-de-soutien\/#breadcrumb","itemListElement":[{"@type":"ListItem","position":1,"name":"Accueil","item":"https:\/\/omconcerts.be\/"},{"@type":"ListItem","position":2,"name":"Concerts","item":"https:\/\/omconcerts.be\/agenda\/"},{"@type":"ListItem","position":3,"name":"\u201cKulturA Extra Muros\u201d(tourn\u00e9e de soutien)"}]},{"@type":"WebSite","@id":"https:\/\/omconcerts.be\/#website","url":"https:\/\/omconcerts.be\/","name":"OM concerts","description":"","publisher":{"@id":"https:\/\/omconcerts.be\/#organization"},"alternateName":"OM","potentialAction":[{"@type":"SearchAction","target":{"@type":"EntryPoint","urlTemplate":"https:\/\/omconcerts.be\/?s={search_term_string}"},"query-input":{"@type":"PropertyValueSpecification","valueRequired":true,"valueName":"search_term_string"}}],"inLanguage":"en-US"},{"@type":"Organization","@id":"https:\/\/omconcerts.be\/#organization","name":"OM concerts","alternateName":"OM","url":"https:\/\/omconcerts.be\/","logo":{"@type":"ImageObject","inLanguage":"en-US","@id":"https:\/\/omconcerts.be\/#\/schema\/logo\/image\/","url":"https:\/\/omconcerts.be\/wp-content\/uploads\/2023\/02\/cropped-OM_LOGO.png","contentUrl":"https:\/\/omconcerts.be\/wp-content\/uploads\/2023\/02\/cropped-OM_LOGO.png","width":512,"height":512,"caption":"OM concerts"},"image":{"@id":"https:\/\/omconcerts.be\/#\/schema\/logo\/image\/"},"sameAs":["https:\/\/www.facebook.com\/omconcerts.be\/"]}]}},"_links":{"self":[{"href":"https:\/\/omconcerts.be\/en\/wp-json\/wp\/v2\/concert\/3217","targetHints":{"allow":["GET"]}}],"collection":[{"href":"https:\/\/omconcerts.be\/en\/wp-json\/wp\/v2\/concert"}],"about":[{"href":"https:\/\/omconcerts.be\/en\/wp-json\/wp\/v2\/types\/concert"}],"wp:attachment":[{"href":"https:\/\/omconcerts.be\/en\/wp-json\/wp\/v2\/media?parent=3217"}],"wp:term":[{"taxonomy":"category","embeddable":true,"href":"https:\/\/omconcerts.be\/en\/wp-json\/wp\/v2\/categories?post=3217"},{"taxonomy":"post_tag","embeddable":true,"href":"https:\/\/omconcerts.be\/en\/wp-json\/wp\/v2\/tags?post=3217"}],"curies":[{"name":"wp","href":"https:\/\/api.w.org\/{rel}","templated":true}]}}