{"id":341,"date":"2023-03-24T11:20:36","date_gmt":"2023-03-24T10:20:36","guid":{"rendered":"https:\/\/omconcerts.be\/?post_type=concert&#038;p=341"},"modified":"2023-08-17T12:17:21","modified_gmt":"2023-08-17T10:17:21","slug":"julien-granel","status":"publish","type":"concert","link":"https:\/\/omconcerts.be\/en\/concert\/julien-granel\/","title":{"rendered":"Julien Granel"},"excerpt":{"rendered":"","protected":false},"template":"","meta":{"_acf_changed":false,"_crsspst_to_reflektorbe":true},"categories":[6],"tags":[16,7],"class_list":["post-341","concert","type-concert","status-publish","hentry","category-reflektor","tag-chanson-francaise","tag-pop"],"acf":{"image_apercu":"342","image_a_la_une":"342","date":"20230401","date_month":"avril","url_du_ticket":"https:\/\/frontoffice.paylogic.nl\/?event_id=151986&point_of_sale_id=11297","ticket_2":"","etat_des_tickets":"tickets","prix":"20\u20ac","heure_ouvertures_de_portes":"19:30:00","heure_de_fin":"23:55:00","contenu_concert":"","artiste":[{"nom":"Julien Granel","horaire":"","contenu":"Deux ans apr\u00e8s son premier EP Bagarre Bagarre, Julien Granel signe avec brio la bande son de l\u2019\u00e9t\u00e9 et poursuit son odyss\u00e9e chromatique avec Cooleur, son premier album solaire et envo\u00fbtant.\r\n\r\nTandis que bruissent les premiers accords de Cooleur, des souvenirs \u00e9pars d\u2019euphorie juv\u00e9nile, de f\u00eates foraines et de bubble gum reviennent en m\u00e9moire. Avec ses m\u00e9lodies orchestrales, ses accents pop et funky et ses collaborations explosives, Cooleur appara\u00eet comme une ode \u00e0 la joie chromatique et viendra assur\u00e9ment faire secouer la t\u00eate des cool kids. Pour son retour en fanfare, Julien s\u2019est entour\u00e9 de Pedro Winter, le patron du label Ed Banger, du duo Montr\u00e9alais Chromeo et de Jean Charles de Castelbajac.\r\n\r\nJulien Granel n\u2019en est pas \u00e0 son premier coup d\u2019essai en mati\u00e8re de pop subtile et contagieuse. Depuis sa d\u00e9couverte fondatrice de Mika \u00e0 l\u2019adolescence, il n\u2019a eu de cesse d\u2019\u00e9toffer un wonderland baroque et chatoyant, alliant le cool et la couleur - et dont Cooleur est le formidable aboutissement. Premier prix du conservatoire, Julien Granel a une \u00e9piphanie harmonique lors d\u2019un \u00e9veil musical.\r\n\r\nA 12 ans, il supplie ses parents de lui acheter \u00ab Life in Cartoon Motion \u00bb de Mika, un album qui l\u2019\u00e9blouit autant par ce qu\u2019il voit que par ce qu\u2019il entend. Gr\u00e2ce \u00e0 Mika, que les journalistes comparent \u00e0 Freddy Mercury, Julien s\u2019\u00e9prend de Queen, puis plus tard de David Bowie, Elton John, et Prince, avant de se prendre en pleine face l\u2019explosion psych\u00e9d\u00e9lique des Beatles et de Jamiroquai. R\u00e9solu \u00e0 embrasser cette British pop orchestrale et ent\u00eatante, Julien int\u00e8gre le Conservatoire o\u00f9 il fait ses gammes pendant quatorze ans. A ses heures perdues, il s\u2019initie aux musiques \u00e9lectroniques sur un ordinateur portable familial et se produit les week-ends avec un groupe \u00e9lectro-rock dans de petits bars de la r\u00e9gion des Landes.\r\n\r\nSa rencontre avec son manager met un s\u00e9rieux coup d\u2019acc\u00e9l\u00e9rateur \u00e0 un parcours sans faute. Une fois son dipl\u00f4me du conservatoire en poche et apr\u00e8s un d\u00e9tour express en fac de musicologie \u00e0 Bordeaux, ils vont toquer \u00e0 la porte de Cinq7, son label, qui d\u00e9cide de signer Julien s\u00e9ance tenante. Lors d\u2019un concert \u00e0 Bordeaux, la carri\u00e8re de Julien prend un tournant d\u00e9cisif. Ce soir-l\u00e0, il se produit aux c\u00f4t\u00e9s d\u2019Ang\u00e8le. La chanteuse Belge est d\u2019embl\u00e9e s\u00e9duite et lui propose de l\u2019accompagner dans une tourn\u00e9e des Z\u00e9niths de pr\u00e8s de 40 dates. Pendant deux ans, Julien Granel rode \u00e0 ses c\u00f4t\u00e9s des m\u00e9lodies en premi\u00e8re partie de spectacle et parfait une performance sc\u00e9nique magn\u00e9tique et d\u00e9tonante.\r\n\r\nEntre les concerts, Julien donne naissance \u00e0 deux singles et un EP remarqu\u00e9s : \u00ab D\u00e9fait \u00bb (2019), \u00ab Danse Encore \u00bb (2019) et \u00ab Bagarre Bagarre \u00bb (2020).\r\n\r\nLe cr\u00e9ateur de souliers Christian Louboutin tombe sous le charme de cet univers d\u00e9lur\u00e9 et met Julien au d\u00e9fi de concevoir la bande-son de sa campagne Printemps-\u00e9t\u00e9 2022 pour le monde. Ce sera \u00ab Mirage \u00bb, un titre explosif agr\u00e9ment\u00e9 d\u2019un clip en r\u00e9alit\u00e9 augment\u00e9e ph\u00e9nom\u00e9nal. Gris\u00e9 par la capacit\u00e9 de Julien \u00e0 orchestrer une symbiose parfaite entre la couleur et l\u2019univers de l\u2019enfance, Jean-Charles de Castelbajac, autre enfant terrible des ann\u00e9es Palace, sacre Julien \u00ab chevalier de l\u2019arc en ciel \u00bb avant de lui confier l\u2019habillage de son exposition-atelier \u00ab Le peuple de demain \u00bb. Dans la foul\u00e9e, Julien signe avec L\u00e9na Situations le tube \u00e9lectrisant \u00ab A la folie \u00bb, sur lequel la YouTubeuse vient poser sa voix.\r\n\r\nPour son premier long-format, Julien a d\u00e9laiss\u00e9 le home-studio pour investir le mythique studio Motorbass o\u00f9 il concocte avec l\u2019aide de son fid\u00e8le producteur Julien Galner, ancien du groupe Ch\u00e2teau Marmont, un album beaucoup plus organique et acoustique que les projets pr\u00e9c\u00e9dents, et o\u00f9 se m\u00ealent un orchestre de cuivres et des cordes, les riffs d\u2019Ulysse Cottin, le guitariste des Papooz, la section rythmique l\u00e9ch\u00e9e de Bastien, le batteur du groupe Catastrophe, et le grain si singulier des synth\u00e9s vintage et des vieux magn\u00e9tos \u00e0 bande.\r\n\r\nA travers cet album d\u00e9lib\u00e9r\u00e9ment cool, truff\u00e9 de groove irr\u00e9sistibles, de jam br\u00fblantes et de p\u00e9pites feel good, Julien Granel nous d\u00e9roule le tapis rouge pour un \u00e9t\u00e9 supa dupa cool.","photo":342,"instagram":"https:\/\/www.instagram.com\/juliengranel\/","facebook":"https:\/\/www.facebook.com\/juliengranel","tiktok":"","youtube":"https:\/\/youtu.be\/zs5qiYHQz80","spotify":"","deezer":"","site_web":""}],"lien_ticket_wait":""},"yoast_head":"<!-- This site is optimized with the Yoast SEO plugin v27.5 - https:\/\/yoast.com\/product\/yoast-seo-wordpress\/ -->\n<title><\/title>\n<meta name=\"robots\" content=\"index, follow, max-snippet:-1, max-image-preview:large, max-video-preview:-1\" \/>\n<link rel=\"canonical\" href=\"https:\/\/omconcerts.be\/concert\/julien-granel\/\" \/>\n<meta property=\"og:locale\" content=\"en_US\" \/>\n<meta property=\"og:type\" content=\"article\" \/>\n<meta property=\"og:title\" content=\"[:fr]Julien Granel[:] &#8226; OM concerts\" \/>\n<meta property=\"og:url\" content=\"https:\/\/omconcerts.be\/concert\/julien-granel\/\" \/>\n<meta property=\"og:site_name\" content=\"OM concerts\" \/>\n<meta property=\"article:publisher\" content=\"https:\/\/www.facebook.com\/omconcerts.be\/\" \/>\n<meta property=\"article:modified_time\" content=\"2023-08-17T10:17:21+00:00\" \/>\n<meta property=\"og:image\" content=\"https:\/\/omconcerts.be\/wp-content\/uploads\/2023\/03\/partageOM.jpg\" \/>\n\t<meta property=\"og:image:width\" content=\"1200\" \/>\n\t<meta property=\"og:image:height\" content=\"630\" \/>\n\t<meta property=\"og:image:type\" content=\"image\/jpeg\" \/>\n<meta name=\"twitter:card\" content=\"summary_large_image\" \/>\n<!-- \/ Yoast SEO plugin. -->","yoast_head_json":{"title":"[:fr]Julien Granel[:] &#8226; OM concerts","robots":{"index":"index","follow":"follow","max-snippet":"max-snippet:-1","max-image-preview":"max-image-preview:large","max-video-preview":"max-video-preview:-1"},"canonical":"https:\/\/omconcerts.be\/concert\/julien-granel\/","og_locale":"en_US","og_type":"article","og_title":"[:fr]Julien Granel[:] &#8226; OM concerts","og_url":"https:\/\/omconcerts.be\/concert\/julien-granel\/","og_site_name":"OM concerts","article_publisher":"https:\/\/www.facebook.com\/omconcerts.be\/","article_modified_time":"2023-08-17T10:17:21+00:00","og_image":[{"width":1200,"height":630,"url":"https:\/\/omconcerts.be\/wp-content\/uploads\/2023\/03\/partageOM.jpg","type":"image\/jpeg"}],"twitter_card":"summary_large_image","schema":{"@context":"https:\/\/schema.org","@graph":[{"@type":"WebPage","@id":"https:\/\/omconcerts.be\/concert\/julien-granel\/","url":"https:\/\/omconcerts.be\/concert\/julien-granel\/","name":"[:fr]Julien Granel[:] &#8226; OM concerts","isPartOf":{"@id":"https:\/\/omconcerts.be\/#website"},"datePublished":"2023-03-24T10:20:36+00:00","dateModified":"2023-08-17T10:17:21+00:00","breadcrumb":{"@id":"https:\/\/omconcerts.be\/concert\/julien-granel\/#breadcrumb"},"inLanguage":"en-US","potentialAction":[{"@type":"ReadAction","target":["https:\/\/omconcerts.be\/concert\/julien-granel\/"]}]},{"@type":"BreadcrumbList","@id":"https:\/\/omconcerts.be\/concert\/julien-granel\/#breadcrumb","itemListElement":[{"@type":"ListItem","position":1,"name":"Accueil","item":"https:\/\/omconcerts.be\/"},{"@type":"ListItem","position":2,"name":"Concerts","item":"https:\/\/omconcerts.be\/agenda\/"},{"@type":"ListItem","position":3,"name":"Julien Granel"}]},{"@type":"WebSite","@id":"https:\/\/omconcerts.be\/#website","url":"https:\/\/omconcerts.be\/","name":"OM concerts","description":"","publisher":{"@id":"https:\/\/omconcerts.be\/#organization"},"alternateName":"OM","potentialAction":[{"@type":"SearchAction","target":{"@type":"EntryPoint","urlTemplate":"https:\/\/omconcerts.be\/?s={search_term_string}"},"query-input":{"@type":"PropertyValueSpecification","valueRequired":true,"valueName":"search_term_string"}}],"inLanguage":"en-US"},{"@type":"Organization","@id":"https:\/\/omconcerts.be\/#organization","name":"OM concerts","alternateName":"OM","url":"https:\/\/omconcerts.be\/","logo":{"@type":"ImageObject","inLanguage":"en-US","@id":"https:\/\/omconcerts.be\/#\/schema\/logo\/image\/","url":"https:\/\/omconcerts.be\/wp-content\/uploads\/2023\/02\/cropped-OM_LOGO.png","contentUrl":"https:\/\/omconcerts.be\/wp-content\/uploads\/2023\/02\/cropped-OM_LOGO.png","width":512,"height":512,"caption":"OM concerts"},"image":{"@id":"https:\/\/omconcerts.be\/#\/schema\/logo\/image\/"},"sameAs":["https:\/\/www.facebook.com\/omconcerts.be\/"]}]}},"_links":{"self":[{"href":"https:\/\/omconcerts.be\/en\/wp-json\/wp\/v2\/concert\/341","targetHints":{"allow":["GET"]}}],"collection":[{"href":"https:\/\/omconcerts.be\/en\/wp-json\/wp\/v2\/concert"}],"about":[{"href":"https:\/\/omconcerts.be\/en\/wp-json\/wp\/v2\/types\/concert"}],"wp:attachment":[{"href":"https:\/\/omconcerts.be\/en\/wp-json\/wp\/v2\/media?parent=341"}],"wp:term":[{"taxonomy":"category","embeddable":true,"href":"https:\/\/omconcerts.be\/en\/wp-json\/wp\/v2\/categories?post=341"},{"taxonomy":"post_tag","embeddable":true,"href":"https:\/\/omconcerts.be\/en\/wp-json\/wp\/v2\/tags?post=341"}],"curies":[{"name":"wp","href":"https:\/\/api.w.org\/{rel}","templated":true}]}}