{"id":3430,"date":"2026-09-02T11:00:32","date_gmt":"2026-09-02T09:00:32","guid":{"rendered":"https:\/\/omconcerts.be\/?post_type=concert&#038;p=3430"},"modified":"2026-09-02T10:33:24","modified_gmt":"2026-09-02T08:33:24","slug":"fete-de-la-fwb-diego-mado","status":"publish","type":"concert","link":"https:\/\/omconcerts.be\/en\/concert\/fete-de-la-fwb-diego-mado\/","title":{"rendered":"F\u00eate de la FWB: Diego + Mado"},"excerpt":{"rendered":"","protected":false},"template":"","meta":{"_acf_changed":false,"_crsspst_to_reflektorbe":true},"categories":[6],"tags":[],"class_list":["post-3430","concert","type-concert","status-publish","hentry","category-reflektor"],"acf":{"image_apercu":"3431","image_a_la_une":"3432","date":"20260927","date_month":"septembre","url_du_ticket":"","ticket_2":"","etat_des_tickets":"gratuit","prix":"","heure_ouvertures_de_portes":"","heure_de_fin":"","contenu_concert":"CONCERT GRATUIT! Avec le soutien du Gouvernement de la F\u00e9d\u00e9ration Wallonie-Bruxelles et de Court-Circuit.","pour_les_fans_de":"","artiste":[{"nom":"MADO","horaire":"","contenu":"Mado est une artiste qui a grandi trop vite et transforme \u00e0 14 ans sa chambre d\u2019enfant en studio de musique. Auteure, interpr\u00e8te et compositrice autodidacte, elle fait ses d\u00e9buts dans la musique \u00e0 l\u2019\u00e2ge de 6 ans et tr\u00e8s vite, le cin\u00e9ma occupera une place tr\u00e8s importante dans sa vie. Effront\u00e9e, Mado \u00e9crit dans sa chambre d\u2019adolescente, elle collectionne les bandes originales de ses films pr\u00e9f\u00e9r\u00e9s, se noie dans la chanson francophone et \u00e9toffe son spleen.\r\n\r\nFa\u00e7onn\u00e9e par l\u2019instinct, elle n\u2019a pas cess\u00e9 de fouler la sc\u00e8ne, elle danse, se forme \u00e0 la com\u00e9die musicale, le chant lyrique et quitte la maison \u00e0 18 ans pour voyager et se noyer dans la musique. Berc\u00e9e par la d\u00e9brouille, Mado est une artiste qui le revendique dans ses compositions. Elle s\u2019exprime au travers d\u2019une pop contemporaine color\u00e9e et m\u00e9lancolique, inspir\u00e9e par sa vie, ses copines et sa g\u00e9n\u00e9ration, elle d\u00e9ploie des textes francs et une musique th\u00e9rapeutique.\r\n\r\n&nbsp;\r\n\r\n[embed]https:\/\/www.youtube.com\/watch?si=MAtynTNvnFf72nV5&amp;v=ONRMIvsGyGs&amp;feature=youtu.be[\/embed]","photo":"","instagram":"https:\/\/www.instagram.com\/madocoolkid\/","facebook":"","tiktok":"","youtube":"","spotify":"","deezer":"","site_web":""},{"nom":"DIEGO","horaire":"","contenu":"Diego est un jeune artiste bruxellois de 23 ans dont l\u2019univers musical m\u00e9lange les codes de la pop du rap et de l\u2019\u00e9lectro. Sa voix, parfois pure et cristalline, parfois plus rauque, \u00e0 la limite de la f\u00ealure, lui permet d'interpr\u00e9ter avec \u00e9motion des morceaux qui \u00e9voquent aussi bien ses pens\u00e9es sombres et son incompr\u00e9hension du monde dans lequel il \u00e9volue, que l'espoir et l'amour. Aux yeux de Diego, le monde est un paradoxe. L\u2019Univers, immense et vide de sens est ridicule et magnifique \u00e0 la fois. L\u2019existence est un terrain de jeux o\u00f9 tout est \u00e0 faire, c\u2019est \u00e0 nous d\u2019y cr\u00e9er nos r\u00e9alit\u00e9s. A travers ses textes, il nous invite \u00e0 le suivre dans sa qu\u00eate, entre ciel et terre.\r\n\r\n&nbsp;\r\n\r\n[embed]https:\/\/www.youtube.com\/watch?v=XuosVZG4rjA[\/embed]","photo":"","instagram":"https:\/\/www.instagram.com\/diego.2d\/","facebook":"","tiktok":"https:\/\/www.tiktok.com\/@diego.2d","youtube":"","spotify":"","deezer":"","site_web":""}],"lien_ticket_wait":""},"yoast_head":"<!-- This site is optimized with the Yoast SEO plugin v28.4 - https:\/\/yoast.com\/product\/yoast-seo-wordpress\/ -->\n<title><\/title>\n<meta name=\"robots\" content=\"index, follow, max-snippet:-1, max-image-preview:large, max-video-preview:-1\" \/>\n<link rel=\"canonical\" href=\"https:\/\/omconcerts.be\/concert\/fete-de-la-fwb-diego-mado\/\" \/>\n<meta property=\"og:locale\" content=\"en_US\" \/>\n<meta property=\"og:type\" content=\"article\" \/>\n<meta property=\"og:title\" content=\"[:fr]F\u00eate de la FWB: Diego + Mado[:] &#8226; OM concerts\" \/>\n<meta property=\"og:url\" content=\"https:\/\/omconcerts.be\/concert\/fete-de-la-fwb-diego-mado\/\" \/>\n<meta property=\"og:site_name\" content=\"OM concerts\" \/>\n<meta property=\"article:publisher\" content=\"https:\/\/www.facebook.com\/omconcerts.be\/\" \/>\n<meta property=\"og:image\" content=\"https:\/\/omconcerts.be\/wp-content\/uploads\/2023\/03\/partageOM.jpg\" \/>\n\t<meta property=\"og:image:width\" content=\"1200\" \/>\n\t<meta property=\"og:image:height\" content=\"630\" \/>\n\t<meta property=\"og:image:type\" content=\"image\/jpeg\" \/>\n<meta name=\"twitter:card\" content=\"summary_large_image\" \/>\n<!-- \/ Yoast SEO plugin. -->","yoast_head_json":{"title":"[:fr]F\u00eate de la FWB: Diego + Mado[:] &#8226; OM concerts","robots":{"index":"index","follow":"follow","max-snippet":"max-snippet:-1","max-image-preview":"max-image-preview:large","max-video-preview":"max-video-preview:-1"},"canonical":"https:\/\/omconcerts.be\/concert\/fete-de-la-fwb-diego-mado\/","og_locale":"en_US","og_type":"article","og_title":"[:fr]F\u00eate de la FWB: Diego + Mado[:] &#8226; OM concerts","og_url":"https:\/\/omconcerts.be\/concert\/fete-de-la-fwb-diego-mado\/","og_site_name":"OM concerts","article_publisher":"https:\/\/www.facebook.com\/omconcerts.be\/","og_image":[{"width":1200,"height":630,"url":"https:\/\/omconcerts.be\/wp-content\/uploads\/2023\/03\/partageOM.jpg","type":"image\/jpeg"}],"twitter_card":"summary_large_image","schema":{"@context":"https:\/\/schema.org","@graph":[{"@type":"WebPage","@id":"https:\/\/omconcerts.be\/concert\/fete-de-la-fwb-diego-mado\/","url":"https:\/\/omconcerts.be\/concert\/fete-de-la-fwb-diego-mado\/","name":"[:fr]F\u00eate de la FWB: Diego + Mado[:] &#8226; OM concerts","isPartOf":{"@id":"https:\/\/omconcerts.be\/#website"},"datePublished":"2026-09-02T09:00:32+00:00","breadcrumb":{"@id":"https:\/\/omconcerts.be\/concert\/fete-de-la-fwb-diego-mado\/#breadcrumb"},"inLanguage":"en-US","potentialAction":[{"@type":"ReadAction","target":["https:\/\/omconcerts.be\/concert\/fete-de-la-fwb-diego-mado\/"]}]},{"@type":"BreadcrumbList","@id":"https:\/\/omconcerts.be\/concert\/fete-de-la-fwb-diego-mado\/#breadcrumb","itemListElement":[{"@type":"ListItem","position":1,"name":"Accueil","item":"https:\/\/omconcerts.be\/"},{"@type":"ListItem","position":2,"name":"Concerts","item":"https:\/\/omconcerts.be\/agenda\/"},{"@type":"ListItem","position":3,"name":"F\u00eate de la FWB: Diego + Mado"}]},{"@type":"WebSite","@id":"https:\/\/omconcerts.be\/#website","url":"https:\/\/omconcerts.be\/","name":"OM concerts","description":"","publisher":{"@id":"https:\/\/omconcerts.be\/#organization"},"alternateName":"OM","potentialAction":[{"@type":"SearchAction","target":{"@type":"EntryPoint","urlTemplate":"https:\/\/omconcerts.be\/?s={search_term_string}"},"query-input":{"@type":"PropertyValueSpecification","valueRequired":true,"valueName":"search_term_string"}}],"inLanguage":"en-US"},{"@type":"Organization","@id":"https:\/\/omconcerts.be\/#organization","name":"OM concerts","alternateName":"OM","url":"https:\/\/omconcerts.be\/","logo":{"@type":"ImageObject","inLanguage":"en-US","@id":"https:\/\/omconcerts.be\/#\/schema\/logo\/image\/","url":"https:\/\/omconcerts.be\/wp-content\/uploads\/2023\/02\/cropped-OM_LOGO.png","contentUrl":"https:\/\/omconcerts.be\/wp-content\/uploads\/2023\/02\/cropped-OM_LOGO.png","width":512,"height":512,"caption":"OM concerts"},"image":{"@id":"https:\/\/omconcerts.be\/#\/schema\/logo\/image\/"},"sameAs":["https:\/\/www.facebook.com\/omconcerts.be\/"]}]}},"_links":{"self":[{"href":"https:\/\/omconcerts.be\/en\/wp-json\/wp\/v2\/concert\/3430","targetHints":{"allow":["GET"]}}],"collection":[{"href":"https:\/\/omconcerts.be\/en\/wp-json\/wp\/v2\/concert"}],"about":[{"href":"https:\/\/omconcerts.be\/en\/wp-json\/wp\/v2\/types\/concert"}],"wp:attachment":[{"href":"https:\/\/omconcerts.be\/en\/wp-json\/wp\/v2\/media?parent=3430"}],"wp:term":[{"taxonomy":"category","embeddable":true,"href":"https:\/\/omconcerts.be\/en\/wp-json\/wp\/v2\/categories?post=3430"},{"taxonomy":"post_tag","embeddable":true,"href":"https:\/\/omconcerts.be\/en\/wp-json\/wp\/v2\/tags?post=3430"}],"curies":[{"name":"wp","href":"https:\/\/api.w.org\/{rel}","templated":true}]}}