{"id":1028,"date":"2023-09-18T11:09:55","date_gmt":"2023-09-18T09:09:55","guid":{"rendered":"https:\/\/omconcerts.be\/?post_type=concert&#038;p=1028"},"modified":"2023-12-13T16:12:58","modified_gmt":"2023-12-13T15:12:58","slug":"1028","status":"publish","type":"concert","link":"https:\/\/omconcerts.be\/nl\/concert\/1028\/","title":{"rendered":"LOIC NOTTET"},"excerpt":{"rendered":"","protected":false},"template":"","meta":{"_acf_changed":false,"_crsspst_to_reflektorbe":true},"categories":[34],"tags":[7],"class_list":["post-1028","concert","type-concert","status-publish","hentry","category-forum","tag-pop"],"acf":{"image_apercu":"1080","image_a_la_une":"1164","date":"20231221","date_month":"decembre","url_du_ticket":"https:\/\/www.leforum.be\/spectacle_202312212000.html","ticket_2":"","etat_des_tickets":"derniers_tickets","prix":"","heure_ouvertures_de_portes":"19:30:00","heure_de_fin":"","contenu_concert":"","artiste":[{"nom":"LOIC NOTTET","horaire":"20:00:00","contenu":"Apr\u00e8s la sortie de son troisi\u00e8me album ADDICTOCRATE, le jeune artiste vous donne rendez-vous au Forum de Li\u00e8ge ce 21 d\u00e9cembre pour un moment exceptionnel \u00e0 l'occasion de sa Tourn\u00e9e d'Hiver.\r\n\r\nEn acoustique, accompagn\u00e9 d'un piano et d'un violoncelle, Loic Nottet vous propose un concert intime et chaleureux !\r\n\r\n[embed]https:\/\/youtu.be\/DZUFTdvOEEw?si=it823t7BcAb2QbtJ[\/embed]","photo":"","instagram":"https:\/\/www.instagram.com\/loicnottet_officiel\/","facebook":"https:\/\/www.facebook.com\/L0oiicNottet","tiktok":"","youtube":"https:\/\/www.youtube.com\/@loicnottet5698","spotify":"","deezer":"","site_web":"https:\/\/www.loicnottet.com"}],"lien_ticket_wait":""},"yoast_head":"<!-- This site is optimized with the Yoast SEO plugin v27.5 - https:\/\/yoast.com\/product\/yoast-seo-wordpress\/ -->\n<title><\/title>\n<meta name=\"robots\" content=\"index, follow, max-snippet:-1, max-image-preview:large, max-video-preview:-1\" \/>\n<link rel=\"canonical\" href=\"https:\/\/omconcerts.be\/concert\/1028\/\" \/>\n<meta property=\"og:locale\" content=\"nl_NL\" \/>\n<meta property=\"og:type\" content=\"article\" \/>\n<meta property=\"og:title\" content=\"[:fr]LOIC NOTTET[:] &#8226; OM concerts\" \/>\n<meta property=\"og:url\" content=\"https:\/\/omconcerts.be\/concert\/1028\/\" \/>\n<meta property=\"og:site_name\" content=\"OM concerts\" \/>\n<meta property=\"article:publisher\" content=\"https:\/\/www.facebook.com\/omconcerts.be\/\" \/>\n<meta property=\"article:modified_time\" content=\"2023-12-13T15:12:58+00:00\" \/>\n<meta property=\"og:image\" content=\"https:\/\/omconcerts.be\/wp-content\/uploads\/2023\/03\/partageOM.jpg\" \/>\n\t<meta property=\"og:image:width\" content=\"1200\" \/>\n\t<meta property=\"og:image:height\" content=\"630\" \/>\n\t<meta property=\"og:image:type\" content=\"image\/jpeg\" \/>\n<meta name=\"twitter:card\" content=\"summary_large_image\" \/>\n<!-- \/ Yoast SEO plugin. -->","yoast_head_json":{"title":"[:fr]LOIC NOTTET[:] &#8226; OM concerts","robots":{"index":"index","follow":"follow","max-snippet":"max-snippet:-1","max-image-preview":"max-image-preview:large","max-video-preview":"max-video-preview:-1"},"canonical":"https:\/\/omconcerts.be\/concert\/1028\/","og_locale":"nl_NL","og_type":"article","og_title":"[:fr]LOIC NOTTET[:] &#8226; OM concerts","og_url":"https:\/\/omconcerts.be\/concert\/1028\/","og_site_name":"OM concerts","article_publisher":"https:\/\/www.facebook.com\/omconcerts.be\/","article_modified_time":"2023-12-13T15:12:58+00:00","og_image":[{"width":1200,"height":630,"url":"https:\/\/omconcerts.be\/wp-content\/uploads\/2023\/03\/partageOM.jpg","type":"image\/jpeg"}],"twitter_card":"summary_large_image","schema":{"@context":"https:\/\/schema.org","@graph":[{"@type":"WebPage","@id":"https:\/\/omconcerts.be\/concert\/1028\/","url":"https:\/\/omconcerts.be\/concert\/1028\/","name":"[:fr]LOIC NOTTET[:] &#8226; OM concerts","isPartOf":{"@id":"https:\/\/omconcerts.be\/#website"},"datePublished":"2023-09-18T09:09:55+00:00","dateModified":"2023-12-13T15:12:58+00:00","breadcrumb":{"@id":"https:\/\/omconcerts.be\/concert\/1028\/#breadcrumb"},"inLanguage":"nl-NL","potentialAction":[{"@type":"ReadAction","target":["https:\/\/omconcerts.be\/concert\/1028\/"]}]},{"@type":"BreadcrumbList","@id":"https:\/\/omconcerts.be\/concert\/1028\/#breadcrumb","itemListElement":[{"@type":"ListItem","position":1,"name":"Accueil","item":"https:\/\/omconcerts.be\/"},{"@type":"ListItem","position":2,"name":"Concerts","item":"https:\/\/omconcerts.be\/agenda\/"},{"@type":"ListItem","position":3,"name":"LOIC NOTTET"}]},{"@type":"WebSite","@id":"https:\/\/omconcerts.be\/#website","url":"https:\/\/omconcerts.be\/","name":"OM concerts","description":"","publisher":{"@id":"https:\/\/omconcerts.be\/#organization"},"alternateName":"OM","potentialAction":[{"@type":"SearchAction","target":{"@type":"EntryPoint","urlTemplate":"https:\/\/omconcerts.be\/?s={search_term_string}"},"query-input":{"@type":"PropertyValueSpecification","valueRequired":true,"valueName":"search_term_string"}}],"inLanguage":"nl-NL"},{"@type":"Organization","@id":"https:\/\/omconcerts.be\/#organization","name":"OM concerts","alternateName":"OM","url":"https:\/\/omconcerts.be\/","logo":{"@type":"ImageObject","inLanguage":"nl-NL","@id":"https:\/\/omconcerts.be\/#\/schema\/logo\/image\/","url":"https:\/\/omconcerts.be\/wp-content\/uploads\/2023\/02\/cropped-OM_LOGO.png","contentUrl":"https:\/\/omconcerts.be\/wp-content\/uploads\/2023\/02\/cropped-OM_LOGO.png","width":512,"height":512,"caption":"OM concerts"},"image":{"@id":"https:\/\/omconcerts.be\/#\/schema\/logo\/image\/"},"sameAs":["https:\/\/www.facebook.com\/omconcerts.be\/"]}]}},"_links":{"self":[{"href":"https:\/\/omconcerts.be\/nl\/wp-json\/wp\/v2\/concert\/1028","targetHints":{"allow":["GET"]}}],"collection":[{"href":"https:\/\/omconcerts.be\/nl\/wp-json\/wp\/v2\/concert"}],"about":[{"href":"https:\/\/omconcerts.be\/nl\/wp-json\/wp\/v2\/types\/concert"}],"wp:attachment":[{"href":"https:\/\/omconcerts.be\/nl\/wp-json\/wp\/v2\/media?parent=1028"}],"wp:term":[{"taxonomy":"category","embeddable":true,"href":"https:\/\/omconcerts.be\/nl\/wp-json\/wp\/v2\/categories?post=1028"},{"taxonomy":"post_tag","embeddable":true,"href":"https:\/\/omconcerts.be\/nl\/wp-json\/wp\/v2\/tags?post=1028"}],"curies":[{"name":"wp","href":"https:\/\/api.w.org\/{rel}","templated":true}]}}