{"id":1533,"date":"2024-02-07T10:53:25","date_gmt":"2024-02-07T09:53:25","guid":{"rendered":"https:\/\/omconcerts.be\/?post_type=concert&#038;p=1533"},"modified":"2024-11-07T11:31:58","modified_gmt":"2024-11-07T10:31:58","slug":"agoria","status":"publish","type":"concert","link":"https:\/\/omconcerts.be\/nl\/concert\/agoria\/","title":{"rendered":"AGORIA + HAUMEA + D-NITE"},"excerpt":{"rendered":"","protected":false},"template":"","meta":{"_acf_changed":false,"_crsspst_to_reflektorbe":true},"categories":[5],"tags":[23],"class_list":["post-1533","concert","type-concert","status-publish","hentry","category-om","tag-electro"],"acf":{"image_apercu":"1317","image_a_la_une":"1318","date":"20241108","date_month":"novembre","url_du_ticket":"https:\/\/shop.paylogic.com\/b86ee9d995674b0d930f7ca5daf0c033","ticket_2":"","etat_des_tickets":"tickets","prix":"","heure_ouvertures_de_portes":"21:30:00","heure_de_fin":"","contenu_concert":"<strong>HORAIRES \r\n\r\nPORTES 21H30\r\nHAUMEA 22H00\r\nAGORIA 00H00\r\nD-NITE 02H00<\/strong>","artiste":[{"nom":"AGORIA","horaire":"","contenu":"Agoria n\u2019est pas un enfant des raves comme les autres. Au d\u00e9but des ann\u00e9es 90, il a connu cet \u00e2ge d\u2019or o\u00f9 l\u2019histoire s\u2019\u00e9crivait \u00e0 chaque nouvelle soir\u00e9e. La musique \u00e9lectronique n\u2019avait encore ni code ni visage, seulement quelques valeurs qu\u2019elle s\u2019est empress\u00e9e d\u2019oublier. Et, s\u2019il a fait parti des pionniers qui ont tout invent\u00e9 de la techno en France, c\u2019est pour mieux s\u2019\u00e9chapper du cadre qu\u2019il a lui-m\u00eame contribuer a cr\u00e9\u00e9, s\u2019aventurant avec succ\u00e8s dans l\u2019univers du cin\u00e9ma, de la mode et de l\u2019art contemporain.\r\n\r\nEn 2006, arrive une nouvelle rencontre d\u00e9cisive avec le cin\u00e9ma. Estomaqu\u00e9s par la puissance de \u00ab\u00a0Code 1026\u00a0\u00bb, le r\u00e9alisateur belge Olivier Van Hoofstadt et son producteur Luc Besson qui ne trouvaient pas la vibration musicale de leur film \u00ab\u00a0Go Fast\u00a0\u00bb, commande \u00e0 Agoria une bande originale a cent \u00e0 l\u2019heure. De cette aventure na\u00eetra un des disques les plus abrasifs d\u2019Agoria, mais surtout une amiti\u00e9 avec Olivier Van Hoofstadt qui l\u2019am\u00e8ne aujourd\u2019hui \u00e0 composer la bande originale de \u00ab\u00a0Lucky\u00a0\u00bb, la nouvelle com\u00e9die d\u00e9jant\u00e9e du r\u00e9alisateur de \u00ab\u00a0Dikkenek\u00a0\u00bb. Entre temps, Agoria a \u00e9galement \u00e9crit en 2016 la musique de deux documentaires de Jan Kounen, \u00ab\u00a0M\u00e8re Oc\u00e9an\u00a0\u00bb et \u00ab\u00a0Vape Wave\u00a0\u00bb. Une collaboration fructueuse puisqu\u2019elle se poursuit en 2018 sur la s\u00e9rie \u00ab\u00a0The Show\u00a0\u00bb.\r\n\r\nLa boulimie d\u2019exp\u00e9riences qui caract\u00e9rise Agoria le conduira \u00e9galement \u00e0 collaborer avec le monde de la mode et des cr\u00e9ateurs, jouant sa musique pour la marque italienne Fendi \u00e0 Milan, ville o\u00f9 il a lui-m\u00eame r\u00e9sid\u00e9 plusieurs ann\u00e9es, ou collaborant avec le plasticien Philippe Parreno pour lequel il participe \u00e0 l\u2019\u00e9criture de la bande sonore de l\u2019installation immersive que l\u2019artiste r\u00e9alise en 2016 pour le Turbine Hall de la Tate Modern de Londres.\r\nMais c\u2019est lors de la derni\u00e8re \u00e9dition d\u2019Art Basel Miami Beach, l\u2019une des plus importantes foires d\u2019art contemporain au monde, o\u00f9 Agoria, retrouvant son nom S\u00e9bastien Devaud, a \u00e9t\u00e9 invit\u00e9 \u00e0 pr\u00e9senter pour la premi\u00e8re fois son travail photographique tr\u00e8s personnel, qu\u2019un nouveau chapitre s\u2019est ouvert. Ses pi\u00e8ces, jetant un regard nouveau sur le principe des affiches lac\u00e9r\u00e9es ch\u00e8res \u00e0 Jacques Villegl\u00e9, figure essentielle du \u00ab\u00a0Nouveau R\u00e9alisme\u00a0\u00bb des ann\u00e9es 60, ont \u00e9t\u00e9 salu\u00e9es par le c\u00e9l\u00e8bre magasine Am\u00e9ricains \u00ab\u00a0Interior Design\u00a0\u00bb comme l\u2019un des points forts de l\u2019\u00e9dition 2019.\r\nCela n\u2019emp\u00eachera certainement pas Agoria de revenir bient\u00f4t avec un nouvel album \u00ab\u00a0pratiquement termin\u00e9\u00a0\u00bb.\r\n\r\n[embed]https:\/\/youtu.be\/FbmKWHEFe0k?si=6GhEIyaqGF664zyZ[\/embed]","photo":"","instagram":"https:\/\/www.instagram.com\/agoria\/","facebook":"https:\/\/www.facebook.com\/agoriaofficial","tiktok":"","youtube":"","spotify":"","deezer":"","site_web":""}],"lien_ticket_wait":""},"yoast_head":"<!-- This site is optimized with the Yoast SEO plugin v27.5 - https:\/\/yoast.com\/product\/yoast-seo-wordpress\/ -->\n<title><\/title>\n<meta name=\"robots\" content=\"index, follow, max-snippet:-1, max-image-preview:large, max-video-preview:-1\" \/>\n<link rel=\"canonical\" href=\"https:\/\/omconcerts.be\/concert\/agoria\/\" \/>\n<meta property=\"og:locale\" content=\"nl_NL\" \/>\n<meta property=\"og:type\" content=\"article\" \/>\n<meta property=\"og:title\" content=\"[:fr]AGORIA + HAUMEA + D-NITE[:] &#8226; OM concerts\" \/>\n<meta property=\"og:url\" content=\"https:\/\/omconcerts.be\/concert\/agoria\/\" \/>\n<meta property=\"og:site_name\" content=\"OM concerts\" \/>\n<meta property=\"article:publisher\" content=\"https:\/\/www.facebook.com\/omconcerts.be\/\" \/>\n<meta property=\"article:modified_time\" content=\"2024-11-07T10:31:58+00:00\" \/>\n<meta property=\"og:image\" content=\"https:\/\/omconcerts.be\/wp-content\/uploads\/2023\/03\/partageOM.jpg\" \/>\n\t<meta property=\"og:image:width\" content=\"1200\" \/>\n\t<meta property=\"og:image:height\" content=\"630\" \/>\n\t<meta property=\"og:image:type\" content=\"image\/jpeg\" \/>\n<meta name=\"twitter:card\" content=\"summary_large_image\" \/>\n<!-- \/ Yoast SEO plugin. -->","yoast_head_json":{"title":"[:fr]AGORIA + HAUMEA + D-NITE[:] &#8226; OM concerts","robots":{"index":"index","follow":"follow","max-snippet":"max-snippet:-1","max-image-preview":"max-image-preview:large","max-video-preview":"max-video-preview:-1"},"canonical":"https:\/\/omconcerts.be\/concert\/agoria\/","og_locale":"nl_NL","og_type":"article","og_title":"[:fr]AGORIA + HAUMEA + D-NITE[:] &#8226; OM concerts","og_url":"https:\/\/omconcerts.be\/concert\/agoria\/","og_site_name":"OM concerts","article_publisher":"https:\/\/www.facebook.com\/omconcerts.be\/","article_modified_time":"2024-11-07T10:31:58+00:00","og_image":[{"width":1200,"height":630,"url":"https:\/\/omconcerts.be\/wp-content\/uploads\/2023\/03\/partageOM.jpg","type":"image\/jpeg"}],"twitter_card":"summary_large_image","schema":{"@context":"https:\/\/schema.org","@graph":[{"@type":"WebPage","@id":"https:\/\/omconcerts.be\/concert\/agoria\/","url":"https:\/\/omconcerts.be\/concert\/agoria\/","name":"[:fr]AGORIA + HAUMEA + D-NITE[:] &#8226; OM concerts","isPartOf":{"@id":"https:\/\/omconcerts.be\/#website"},"datePublished":"2024-02-07T09:53:25+00:00","dateModified":"2024-11-07T10:31:58+00:00","breadcrumb":{"@id":"https:\/\/omconcerts.be\/concert\/agoria\/#breadcrumb"},"inLanguage":"nl-NL","potentialAction":[{"@type":"ReadAction","target":["https:\/\/omconcerts.be\/concert\/agoria\/"]}]},{"@type":"BreadcrumbList","@id":"https:\/\/omconcerts.be\/concert\/agoria\/#breadcrumb","itemListElement":[{"@type":"ListItem","position":1,"name":"Accueil","item":"https:\/\/omconcerts.be\/"},{"@type":"ListItem","position":2,"name":"Concerts","item":"https:\/\/omconcerts.be\/agenda\/"},{"@type":"ListItem","position":3,"name":"AGORIA + HAUMEA + D-NITE"}]},{"@type":"WebSite","@id":"https:\/\/omconcerts.be\/#website","url":"https:\/\/omconcerts.be\/","name":"OM concerts","description":"","publisher":{"@id":"https:\/\/omconcerts.be\/#organization"},"alternateName":"OM","potentialAction":[{"@type":"SearchAction","target":{"@type":"EntryPoint","urlTemplate":"https:\/\/omconcerts.be\/?s={search_term_string}"},"query-input":{"@type":"PropertyValueSpecification","valueRequired":true,"valueName":"search_term_string"}}],"inLanguage":"nl-NL"},{"@type":"Organization","@id":"https:\/\/omconcerts.be\/#organization","name":"OM concerts","alternateName":"OM","url":"https:\/\/omconcerts.be\/","logo":{"@type":"ImageObject","inLanguage":"nl-NL","@id":"https:\/\/omconcerts.be\/#\/schema\/logo\/image\/","url":"https:\/\/omconcerts.be\/wp-content\/uploads\/2023\/02\/cropped-OM_LOGO.png","contentUrl":"https:\/\/omconcerts.be\/wp-content\/uploads\/2023\/02\/cropped-OM_LOGO.png","width":512,"height":512,"caption":"OM concerts"},"image":{"@id":"https:\/\/omconcerts.be\/#\/schema\/logo\/image\/"},"sameAs":["https:\/\/www.facebook.com\/omconcerts.be\/"]}]}},"_links":{"self":[{"href":"https:\/\/omconcerts.be\/nl\/wp-json\/wp\/v2\/concert\/1533","targetHints":{"allow":["GET"]}}],"collection":[{"href":"https:\/\/omconcerts.be\/nl\/wp-json\/wp\/v2\/concert"}],"about":[{"href":"https:\/\/omconcerts.be\/nl\/wp-json\/wp\/v2\/types\/concert"}],"wp:attachment":[{"href":"https:\/\/omconcerts.be\/nl\/wp-json\/wp\/v2\/media?parent=1533"}],"wp:term":[{"taxonomy":"category","embeddable":true,"href":"https:\/\/omconcerts.be\/nl\/wp-json\/wp\/v2\/categories?post=1533"},{"taxonomy":"post_tag","embeddable":true,"href":"https:\/\/omconcerts.be\/nl\/wp-json\/wp\/v2\/tags?post=1533"}],"curies":[{"name":"wp","href":"https:\/\/api.w.org\/{rel}","templated":true}]}}