{"id":495,"date":"2023-03-26T15:04:11","date_gmt":"2023-03-26T13:04:11","guid":{"rendered":"https:\/\/omconcerts.be\/?post_type=concert&#038;p=495"},"modified":"2023-10-10T14:17:08","modified_gmt":"2023-10-10T12:17:08","slug":"the-doug","status":"publish","type":"concert","link":"https:\/\/omconcerts.be\/nl\/concert\/the-doug\/","title":{"rendered":"THE DOUG + JIES"},"excerpt":{"rendered":"","protected":false},"template":"","meta":{"_acf_changed":false,"_crsspst_to_reflektorbe":true},"categories":[6],"tags":[7],"class_list":["post-495","concert","type-concert","status-publish","hentry","category-reflektor","tag-pop"],"acf":{"image_apercu":"496","image_a_la_une":"496","date":"20231020","date_month":"octobre","url_du_ticket":"https:\/\/shop.paylogic.com\/56f8ae44ab3245c89591a85457d62d91\/","ticket_2":"","etat_des_tickets":"tickets","prix":"16,50\u20ac","heure_ouvertures_de_portes":"19:30:00","heure_de_fin":"","contenu_concert":"","artiste":[{"nom":"THE DOUG","horaire":"","contenu":"The Doug, un artiste talentueux reconnu pour ses textes sinc\u00e8res et touchants, annonce son retour sur sc\u00e8ne en Belgique avec une s\u00e9rie de concerts \u00e0 ne pas manquer. Apr\u00e8s avoir jou\u00e9 devant une salle comble au Botanique en janvier dernier, The Doug se produira le 19 octobre au Rideau Rouge \u00e0 Lasne, le 20 octobre au Reflektor \u00e0 Li\u00e8ge et le 21 octobre \u00e0 l'Entrep\u00f4t \u00e0 Arlon pour pr\u00e9senter son nouvel EP intitul\u00e9 \"Mauvais Joueur \u00bb.\r\nCe nouvel opus comprend de tr\u00e8s beaux titres tels que \"G\u00e9n\u00e9ration\", \"HLM\" et \"Une histoire de plage\". Sur sc\u00e8ne, vous aurez bien s\u00fbr l'occasion d'\u00e9couter ses pr\u00e9c\u00e9dents titres comme \"Faire le bien\", \"Les tableaux\" et \u00ab Jeune The Doug , ainsi que \"La vie est belle \u00bb.\r\n\r\nCet EP est le fruit d'un travail long et intense de l'artiste, qui a su exprimer toute sa sensibilit\u00e9 et son engagement artistique.\r\nEn effet, The Doug est un artiste engag\u00e9 qui met un point d'honneur \u00e0 proposer des textes justes, sinc\u00e8res, porteurs d'un message profond et universel. Le retour sur sc\u00e8ne de The Doug est une occasion unique de d\u00e9couvrir ou de red\u00e9couvrir son univers musical. Son honn\u00eatet\u00e9 et sa plume attachante sont autant d'atouts qui promettent des concerts exceptionnels. N'attendez pas pour r\u00e9server vos billets et rejoindre les nombreux fans de The Doug qui ont d\u00e9j\u00e0 succomb\u00e9 \u00e0 son talent et \u00e0 son charisme sur sc\u00e8ne.\r\n\r\n[embed]https:\/\/www.youtube.com\/watch?v=DsNWZIEWEB8[\/embed]","photo":"","instagram":"https:\/\/www.instagram.com\/thedoug_edn\/","facebook":"https:\/\/www.facebook.com\/jeunethedoug","tiktok":"","youtube":"https:\/\/www.youtube.com\/channel\/UCpW2QeJTbaXthKEcHlPpE-Q","spotify":"","deezer":"","site_web":""},{"nom":"JIES","horaire":"","contenu":"Jies est un jeune auteur, compositeur, chanteur et guitariste belge.\r\n\r\nIl chante la complexit\u00e9 des relations humaines, l\u2019angoisse du temps qui passe ou encore les d\u00e9rives d\u2019aujourd\u2019hui.\r\nA l\u2019aide de sa guitare, d\u2019une voix chaude, d\u2019un flow atypique, d\u2019un sens m\u00e9lodique et rythmique puissant, l\u2019artiste met en po\u00e9sie ses questionnements, ses tourments, son rapport aux autres et \u00e0 lui-m\u00eame.\r\n\r\nLa musique est son meilleur moyen pour exprimer sa sensibilit\u00e9 et parler de ce qui le touche intimement.\r\nHybride et singulier, son univers musical s\u2019inspire de diff\u00e9rents styles; du hip-hop \u00e0 la chanson fran\u00e7aise.\r\nSon objectif \u00e9tant d\u2019arriver \u00e0 atteindre une forme d\u2019universalit\u00e9 en se nourrissant de ses exp\u00e9riences, dans l\u2019id\u00e9e que chacun et chacune puisse se reconna\u00eetre dans ses chansons.\r\n\r\n[embed]https:\/\/youtu.be\/gL1j7grY1k8?si=GJ6N5ciD7w0uFwFg[\/embed]","photo":"","instagram":"https:\/\/www.instagram.com\/jiestenderline\/","facebook":"https:\/\/www.facebook.com\/js.nemayechi","tiktok":"","youtube":"","spotify":"","deezer":"","site_web":""}],"lien_ticket_wait":""},"yoast_head":"<!-- This site is optimized with the Yoast SEO plugin v27.5 - https:\/\/yoast.com\/product\/yoast-seo-wordpress\/ -->\n<title><\/title>\n<meta name=\"robots\" content=\"index, follow, max-snippet:-1, max-image-preview:large, max-video-preview:-1\" \/>\n<link rel=\"canonical\" href=\"https:\/\/omconcerts.be\/concert\/the-doug\/\" \/>\n<meta property=\"og:locale\" content=\"nl_NL\" \/>\n<meta property=\"og:type\" content=\"article\" \/>\n<meta property=\"og:title\" content=\"[:fr]THE DOUG + JIES[:] &#8226; OM concerts\" \/>\n<meta property=\"og:url\" content=\"https:\/\/omconcerts.be\/concert\/the-doug\/\" \/>\n<meta property=\"og:site_name\" content=\"OM concerts\" \/>\n<meta property=\"article:publisher\" content=\"https:\/\/www.facebook.com\/omconcerts.be\/\" \/>\n<meta property=\"article:modified_time\" content=\"2023-10-10T12:17:08+00:00\" \/>\n<meta property=\"og:image\" content=\"https:\/\/omconcerts.be\/wp-content\/uploads\/2023\/03\/partageOM.jpg\" \/>\n\t<meta property=\"og:image:width\" content=\"1200\" \/>\n\t<meta property=\"og:image:height\" content=\"630\" \/>\n\t<meta property=\"og:image:type\" content=\"image\/jpeg\" \/>\n<meta name=\"twitter:card\" content=\"summary_large_image\" \/>\n<!-- \/ Yoast SEO plugin. -->","yoast_head_json":{"title":"[:fr]THE DOUG + JIES[:] &#8226; OM concerts","robots":{"index":"index","follow":"follow","max-snippet":"max-snippet:-1","max-image-preview":"max-image-preview:large","max-video-preview":"max-video-preview:-1"},"canonical":"https:\/\/omconcerts.be\/concert\/the-doug\/","og_locale":"nl_NL","og_type":"article","og_title":"[:fr]THE DOUG + JIES[:] &#8226; OM concerts","og_url":"https:\/\/omconcerts.be\/concert\/the-doug\/","og_site_name":"OM concerts","article_publisher":"https:\/\/www.facebook.com\/omconcerts.be\/","article_modified_time":"2023-10-10T12:17:08+00:00","og_image":[{"width":1200,"height":630,"url":"https:\/\/omconcerts.be\/wp-content\/uploads\/2023\/03\/partageOM.jpg","type":"image\/jpeg"}],"twitter_card":"summary_large_image","schema":{"@context":"https:\/\/schema.org","@graph":[{"@type":"WebPage","@id":"https:\/\/omconcerts.be\/concert\/the-doug\/","url":"https:\/\/omconcerts.be\/concert\/the-doug\/","name":"[:fr]THE DOUG + JIES[:] &#8226; OM concerts","isPartOf":{"@id":"https:\/\/omconcerts.be\/#website"},"datePublished":"2023-03-26T13:04:11+00:00","dateModified":"2023-10-10T12:17:08+00:00","breadcrumb":{"@id":"https:\/\/omconcerts.be\/concert\/the-doug\/#breadcrumb"},"inLanguage":"nl-NL","potentialAction":[{"@type":"ReadAction","target":["https:\/\/omconcerts.be\/concert\/the-doug\/"]}]},{"@type":"BreadcrumbList","@id":"https:\/\/omconcerts.be\/concert\/the-doug\/#breadcrumb","itemListElement":[{"@type":"ListItem","position":1,"name":"Accueil","item":"https:\/\/omconcerts.be\/"},{"@type":"ListItem","position":2,"name":"Concerts","item":"https:\/\/omconcerts.be\/agenda\/"},{"@type":"ListItem","position":3,"name":"THE DOUG + JIES"}]},{"@type":"WebSite","@id":"https:\/\/omconcerts.be\/#website","url":"https:\/\/omconcerts.be\/","name":"OM concerts","description":"","publisher":{"@id":"https:\/\/omconcerts.be\/#organization"},"alternateName":"OM","potentialAction":[{"@type":"SearchAction","target":{"@type":"EntryPoint","urlTemplate":"https:\/\/omconcerts.be\/?s={search_term_string}"},"query-input":{"@type":"PropertyValueSpecification","valueRequired":true,"valueName":"search_term_string"}}],"inLanguage":"nl-NL"},{"@type":"Organization","@id":"https:\/\/omconcerts.be\/#organization","name":"OM concerts","alternateName":"OM","url":"https:\/\/omconcerts.be\/","logo":{"@type":"ImageObject","inLanguage":"nl-NL","@id":"https:\/\/omconcerts.be\/#\/schema\/logo\/image\/","url":"https:\/\/omconcerts.be\/wp-content\/uploads\/2023\/02\/cropped-OM_LOGO.png","contentUrl":"https:\/\/omconcerts.be\/wp-content\/uploads\/2023\/02\/cropped-OM_LOGO.png","width":512,"height":512,"caption":"OM concerts"},"image":{"@id":"https:\/\/omconcerts.be\/#\/schema\/logo\/image\/"},"sameAs":["https:\/\/www.facebook.com\/omconcerts.be\/"]}]}},"_links":{"self":[{"href":"https:\/\/omconcerts.be\/nl\/wp-json\/wp\/v2\/concert\/495","targetHints":{"allow":["GET"]}}],"collection":[{"href":"https:\/\/omconcerts.be\/nl\/wp-json\/wp\/v2\/concert"}],"about":[{"href":"https:\/\/omconcerts.be\/nl\/wp-json\/wp\/v2\/types\/concert"}],"wp:attachment":[{"href":"https:\/\/omconcerts.be\/nl\/wp-json\/wp\/v2\/media?parent=495"}],"wp:term":[{"taxonomy":"category","embeddable":true,"href":"https:\/\/omconcerts.be\/nl\/wp-json\/wp\/v2\/categories?post=495"},{"taxonomy":"post_tag","embeddable":true,"href":"https:\/\/omconcerts.be\/nl\/wp-json\/wp\/v2\/tags?post=495"}],"curies":[{"name":"wp","href":"https:\/\/api.w.org\/{rel}","templated":true}]}}