{"id":803,"date":"2023-05-17T17:07:13","date_gmt":"2023-05-17T15:07:13","guid":{"rendered":"https:\/\/omconcerts.be\/?post_type=concert&#038;p=803"},"modified":"2023-08-04T12:10:01","modified_gmt":"2023-08-04T10:10:01","slug":"despacito","status":"publish","type":"concert","link":"https:\/\/omconcerts.be\/nl\/concert\/despacito\/","title":{"rendered":"DESPACITO"},"excerpt":{"rendered":"","protected":false},"template":"","meta":{"_acf_changed":false,"_crsspst_to_reflektorbe":true},"categories":[6],"tags":[],"class_list":["post-803","concert","type-concert","status-publish","hentry","category-reflektor"],"acf":{"image_apercu":"804","image_a_la_une":"804","date":"20230624","date_month":"juin","url_du_ticket":"https:\/\/sales.resevents.be\/event\/429\/despacito-x-exotica-x-sam-24-06-x-reflektor?fbclid=IwAR14Nb66Yxus_PIoinkiU7M7GPAGd08SOFEKLCIuTI5YQq_khgbVPiGHi9w","ticket_2":"","etat_des_tickets":"tickets","prix":"","heure_ouvertures_de_portes":"21:00:00","heure_de_fin":null,"contenu_concert":"SAMEDI 24.06\r\n2 SALLES, 2 AMBIANCES\r\n_______________________\r\nHola Latin lovers, Despacito et Exotica vous donnent rendez-vous le 24 juin pour la toute premi\u00e8re soir\u00e9e Latino XXL en plein centre de Li\u00e8ge.\r\nOui oui vous avez bien entendu, les deux meilleurs concept latino de Wallonie s'unissent afin de vous proposer la toute premi\u00e8re soir\u00e9e Latino 2 salles, 2 ambiances !\r\n\r\nMUSIQUE\r\n____________\r\nRoom 1 : Reggaeton, Merengue, Dembow, Latin House\r\nRoom 2 : Salsa &amp; Bachata avec Studio 24 &amp; Salsa Li\u00e8ge + initiations et d\u00e9mos\r\n\r\nDEEJAYS\r\n___________\r\nDON DIABLITO\r\nCEDRO MENDES\r\nXAVIER\r\nMC VELASQUEZ\r\nANDREX\r\n\r\nPREVENTES\r\n______________\r\nPour \u00e9viter la file, mieux vaut se pr\u00e9munir d'une pr\u00e9vente, une fois la capacit\u00e9 atteinte, nous fermerons les portes :\r\nEARLY BIRDS 8\u20ac\u00a0 \u00a0100 pr\u00e9ventes du 14 au 21 Mai\r\nPREVENTES 10\u20ac\r\nhttps:\/\/sales.resevents.be\/...\/despacito-x-exotica-x-sam...\r\nSUR PLACE 10\u20ac (avant 23h)\r\n15\u20ac (apr\u00e8s 23h)\r\n\r\nPour que l\u2019exp\u00e9rience soit encore plus unique, il est possible de r\u00e9server un salon privatis\u00e9 : Table VIP \u00e0 125\u20ac (inclus 5 entr\u00e9es et pas de file)\r\nINFO &amp; RESERVATION : +32 465 855 934","artiste":null,"lien_ticket_wait":""},"yoast_head":"<!-- This site is optimized with the Yoast SEO plugin v27.5 - https:\/\/yoast.com\/product\/yoast-seo-wordpress\/ -->\n<title><\/title>\n<meta name=\"robots\" content=\"index, follow, max-snippet:-1, max-image-preview:large, max-video-preview:-1\" \/>\n<link rel=\"canonical\" href=\"https:\/\/omconcerts.be\/concert\/despacito\/\" \/>\n<meta property=\"og:locale\" content=\"nl_NL\" \/>\n<meta property=\"og:type\" content=\"article\" \/>\n<meta property=\"og:title\" content=\"[:fr]DESPACITO[:] &#8226; OM concerts\" \/>\n<meta property=\"og:url\" content=\"https:\/\/omconcerts.be\/concert\/despacito\/\" \/>\n<meta property=\"og:site_name\" content=\"OM concerts\" \/>\n<meta property=\"article:publisher\" content=\"https:\/\/www.facebook.com\/omconcerts.be\/\" \/>\n<meta property=\"article:modified_time\" content=\"2023-08-04T10:10:01+00:00\" \/>\n<meta property=\"og:image\" content=\"https:\/\/omconcerts.be\/wp-content\/uploads\/2023\/03\/partageOM.jpg\" \/>\n\t<meta property=\"og:image:width\" content=\"1200\" \/>\n\t<meta property=\"og:image:height\" content=\"630\" \/>\n\t<meta property=\"og:image:type\" content=\"image\/jpeg\" \/>\n<meta name=\"twitter:card\" content=\"summary_large_image\" \/>\n<!-- \/ Yoast SEO plugin. -->","yoast_head_json":{"title":"[:fr]DESPACITO[:] &#8226; OM concerts","robots":{"index":"index","follow":"follow","max-snippet":"max-snippet:-1","max-image-preview":"max-image-preview:large","max-video-preview":"max-video-preview:-1"},"canonical":"https:\/\/omconcerts.be\/concert\/despacito\/","og_locale":"nl_NL","og_type":"article","og_title":"[:fr]DESPACITO[:] &#8226; OM concerts","og_url":"https:\/\/omconcerts.be\/concert\/despacito\/","og_site_name":"OM concerts","article_publisher":"https:\/\/www.facebook.com\/omconcerts.be\/","article_modified_time":"2023-08-04T10:10:01+00:00","og_image":[{"width":1200,"height":630,"url":"https:\/\/omconcerts.be\/wp-content\/uploads\/2023\/03\/partageOM.jpg","type":"image\/jpeg"}],"twitter_card":"summary_large_image","schema":{"@context":"https:\/\/schema.org","@graph":[{"@type":"WebPage","@id":"https:\/\/omconcerts.be\/concert\/despacito\/","url":"https:\/\/omconcerts.be\/concert\/despacito\/","name":"[:fr]DESPACITO[:] &#8226; OM concerts","isPartOf":{"@id":"https:\/\/omconcerts.be\/#website"},"datePublished":"2023-05-17T15:07:13+00:00","dateModified":"2023-08-04T10:10:01+00:00","breadcrumb":{"@id":"https:\/\/omconcerts.be\/concert\/despacito\/#breadcrumb"},"inLanguage":"nl-NL","potentialAction":[{"@type":"ReadAction","target":["https:\/\/omconcerts.be\/concert\/despacito\/"]}]},{"@type":"BreadcrumbList","@id":"https:\/\/omconcerts.be\/concert\/despacito\/#breadcrumb","itemListElement":[{"@type":"ListItem","position":1,"name":"Accueil","item":"https:\/\/omconcerts.be\/"},{"@type":"ListItem","position":2,"name":"Concerts","item":"https:\/\/omconcerts.be\/agenda\/"},{"@type":"ListItem","position":3,"name":"DESPACITO"}]},{"@type":"WebSite","@id":"https:\/\/omconcerts.be\/#website","url":"https:\/\/omconcerts.be\/","name":"OM concerts","description":"","publisher":{"@id":"https:\/\/omconcerts.be\/#organization"},"alternateName":"OM","potentialAction":[{"@type":"SearchAction","target":{"@type":"EntryPoint","urlTemplate":"https:\/\/omconcerts.be\/?s={search_term_string}"},"query-input":{"@type":"PropertyValueSpecification","valueRequired":true,"valueName":"search_term_string"}}],"inLanguage":"nl-NL"},{"@type":"Organization","@id":"https:\/\/omconcerts.be\/#organization","name":"OM concerts","alternateName":"OM","url":"https:\/\/omconcerts.be\/","logo":{"@type":"ImageObject","inLanguage":"nl-NL","@id":"https:\/\/omconcerts.be\/#\/schema\/logo\/image\/","url":"https:\/\/omconcerts.be\/wp-content\/uploads\/2023\/02\/cropped-OM_LOGO.png","contentUrl":"https:\/\/omconcerts.be\/wp-content\/uploads\/2023\/02\/cropped-OM_LOGO.png","width":512,"height":512,"caption":"OM concerts"},"image":{"@id":"https:\/\/omconcerts.be\/#\/schema\/logo\/image\/"},"sameAs":["https:\/\/www.facebook.com\/omconcerts.be\/"]}]}},"_links":{"self":[{"href":"https:\/\/omconcerts.be\/nl\/wp-json\/wp\/v2\/concert\/803","targetHints":{"allow":["GET"]}}],"collection":[{"href":"https:\/\/omconcerts.be\/nl\/wp-json\/wp\/v2\/concert"}],"about":[{"href":"https:\/\/omconcerts.be\/nl\/wp-json\/wp\/v2\/types\/concert"}],"wp:attachment":[{"href":"https:\/\/omconcerts.be\/nl\/wp-json\/wp\/v2\/media?parent=803"}],"wp:term":[{"taxonomy":"category","embeddable":true,"href":"https:\/\/omconcerts.be\/nl\/wp-json\/wp\/v2\/categories?post=803"},{"taxonomy":"post_tag","embeddable":true,"href":"https:\/\/omconcerts.be\/nl\/wp-json\/wp\/v2\/tags?post=803"}],"curies":[{"name":"wp","href":"https:\/\/api.w.org\/{rel}","templated":true}]}}